{"id":4932,"date":"2022-02-21T15:01:31","date_gmt":"2022-02-21T15:01:31","guid":{"rendered":"https:\/\/www.calviabeach.com\/?page_id=4932"},"modified":"2025-10-05T12:11:56","modified_gmt":"2025-10-05T19:11:56","slug":"cinema-theater","status":"publish","type":"page","link":"https:\/\/www.calviabeach.com\/fr\/leisure-and-fun-activities\/cinema-theater\/","title":{"rendered":"Cin\u00e9mas et th\u00e9\u00e2tres \u00e0 Majorque"},"content":{"rendered":"<div data-elementor-type=\"wp-page\" data-elementor-id=\"4932\" class=\"elementor elementor-4932\" data-elementor-post-type=\"page\">\n\t\t\t\t\t\t<section class=\"elementor-section elementor-top-section elementor-element elementor-element-5f8ca93 elementor-section-boxed elementor-section-height-default elementor-section-height-default\" data-id=\"5f8ca93\" data-element_type=\"section\" data-e-type=\"section\" data-settings=\"{&quot;wdt_bg_image&quot;:{&quot;url&quot;:&quot;&quot;,&quot;id&quot;:&quot;&quot;,&quot;size&quot;:&quot;&quot;},&quot;wdt_bg_image_widescreen&quot;:{&quot;url&quot;:&quot;&quot;,&quot;id&quot;:&quot;&quot;,&quot;size&quot;:&quot;&quot;},&quot;wdt_bg_image_laptop&quot;:{&quot;url&quot;:&quot;&quot;,&quot;id&quot;:&quot;&quot;,&quot;size&quot;:&quot;&quot;},&quot;wdt_bg_image_tablet_extra&quot;:{&quot;url&quot;:&quot;&quot;,&quot;id&quot;:&quot;&quot;,&quot;size&quot;:&quot;&quot;},&quot;wdt_bg_image_tablet&quot;:{&quot;url&quot;:&quot;&quot;,&quot;id&quot;:&quot;&quot;,&quot;size&quot;:&quot;&quot;},&quot;wdt_bg_image_mobile_extra&quot;:{&quot;url&quot;:&quot;&quot;,&quot;id&quot;:&quot;&quot;,&quot;size&quot;:&quot;&quot;},&quot;wdt_bg_image_mobile&quot;:{&quot;url&quot;:&quot;&quot;,&quot;id&quot;:&quot;&quot;,&quot;size&quot;:&quot;&quot;},&quot;wdt_bg_position&quot;:&quot;center center&quot;,&quot;wdt_animation_effect&quot;:&quot;none&quot;}\">\n\t\t\t\t\t\t<div class=\"elementor-container elementor-column-gap-default\">\n\t\t\t\t\t<div class=\"elementor-column elementor-col-100 elementor-top-column elementor-element elementor-element-4704df13 animated-slow elementor-invisible\" data-id=\"4704df13\" data-element_type=\"column\" data-e-type=\"column\" data-settings=\"{&quot;animation&quot;:&quot;fadeIn&quot;}\">\n\t\t\t<div class=\"elementor-widget-wrap elementor-element-populated\">\n\t\t\t\t\t\t<div class=\"elementor-element elementor-element-1feb206 elementor-widget elementor-widget-text-editor\" data-id=\"1feb206\" data-element_type=\"widget\" data-e-type=\"widget\" data-settings=\"{&quot;wdt_animation_effect&quot;:&quot;none&quot;}\" data-widget_type=\"text-editor.default\">\n\t\t\t\t<div class=\"elementor-widget-container\">\n\t\t\t\t\t\t\t\t\t<h1>Th\u00e9\u00e2tres<\/h1><p><a href=\"https:\/\/www.calviabeach.com\/\">L'\u00eele de Majorque<\/a> est \u00e9galement\u00a0<strong>un lieu privil\u00e9gi\u00e9 pour profiter de l&#039;art de Tal\u00eda et Melp\u00f3mene ; com\u00e9die et trag\u00e9die<\/strong>: les deux faces du th\u00e9\u00e2tre. Le nombre de salles et auditoriums d\u00e9di\u00e9s aux arts du spectacle sur l\u2019\u00eele est presque \u00e9blouissant. Pr\u00eat \u00e0 rire, \u00e0 vous enthousiasmer et \u00e0 profiter de cette visite des th\u00e9\u00e2tres de Majorque.<\/p><p><img fetchpriority=\"high\" decoding=\"async\" class=\"wp-image-32093 size-medium alignright\" style=\"border-radius: 6px; margin: 8px;\" src=\"https:\/\/www.calviabeach.com\/wp-content\/uploads\/2025\/09\/movie-theater-cinema-mallorca-calvia-300x300.webp\" alt=\"Cin\u00e9ma Cin\u00e9ma Mallorca Calvia\" width=\"300\" height=\"300\" srcset=\"https:\/\/www.calviabeach.com\/wp-content\/uploads\/2025\/09\/movie-theater-cinema-mallorca-calvia-300x300.webp 300w, https:\/\/www.calviabeach.com\/wp-content\/uploads\/2025\/09\/movie-theater-cinema-mallorca-calvia-1024x1024.webp 1024w, https:\/\/www.calviabeach.com\/wp-content\/uploads\/2025\/09\/movie-theater-cinema-mallorca-calvia-150x150.webp 150w, https:\/\/www.calviabeach.com\/wp-content\/uploads\/2025\/09\/movie-theater-cinema-mallorca-calvia-1536x1536.webp 1536w, https:\/\/www.calviabeach.com\/wp-content\/uploads\/2025\/09\/movie-theater-cinema-mallorca-calvia-2048x2048.webp 2048w, https:\/\/www.calviabeach.com\/wp-content\/uploads\/2025\/09\/movie-theater-cinema-mallorca-calvia-1000x1000.webp 1000w, https:\/\/www.calviabeach.com\/wp-content\/uploads\/2025\/09\/movie-theater-cinema-mallorca-calvia-100x100.webp 100w\" sizes=\"(max-width: 300px) 100vw, 300px\" \/><\/p><p>Nous commen\u00e7ons par la capitale de l&#039;\u00eele,\u00a0<strong>Palma, o\u00f9 se concentre un grand nombre de salles de spectacle<\/strong>. Ici nous trouvons le luxueux Auditorium. Construit en 1969 et situ\u00e9 en plein milieu de la baie, ce centre des arts du spectacle et des congr\u00e8s compte neuf salles au total ; deux d&#039;entre eux,\u00a0<strong>Sala Magna et Sala Mozart, sont \u00e9quip\u00e9es en th\u00e9\u00e2tres et accueillent des concerts, des performances, des com\u00e9dies musicales et toutes sortes de spectacles<\/strong>. L&#039;histoire du Teatre Principal, quant \u00e0 elle, remonte \u00e0 1667, lorsqu&#039;il fut inaugur\u00e9 sous le nom de \u00ab Casa de las Comedias \u00bb. Apr\u00e8s avoir subi un incendie qui l&#039;a compl\u00e8tement d\u00e9truit en 1858, il a rouvert ses portes sous le nom de \u00ab Teatro de la Princesa \u00bb. Sa d\u00e9coration int\u00e9rieure est sous la responsabilit\u00e9 de F\u00e9lix Cag\u00e9, qui est \u00e9galement responsable du \u00ab Gran Teatre del Liceu \u00bb situ\u00e9 \u00e0 Barcelone.\u00a0<strong>R\u00e9f\u00e9rent fondamental des arts sc\u00e9niques des Bal\u00e9ares<\/strong>, il accueille de l&#039;op\u00e9ra, de la danse, du th\u00e9\u00e2tre et de la musique. Le Teatre Sans a aussi beaucoup d&#039;histoire : situ\u00e9 dans un \u00e9difice gothique (XIVe-XVe si\u00e8cles) de la vieille ville, il appartient \u00e0 la coop\u00e9rative Estudi Zero et abrite \u00e9galement l&#039;\u00c9cole des Arts du Spectacle.<\/p><p>Nous continuons \u00e0 Palma de Majorque avec le Teatre del Mar, construit en 1940 et r\u00e9habilit\u00e9 dans les ann\u00e9es 90 pour devenir un auditorium polyvalent avec une programmation stable entre octobre et juin. La compagnie r\u00e9sidente est l\u2019\u201cIguana Teatre\u201d. Plus r\u00e9cent, le Trui Teatre, situ\u00e9 dans le complexe scolaire La Salle, a \u00e9t\u00e9 inaugur\u00e9 en 2010. Il accueille toutes sortes de spectacles. Nous pouvons encore citer deux autres salles \u00e0 Palma, toutes deux portant le nom d'acteurs locaux. <strong>Le Th\u00e9\u00e2tre Municipal Xesc Forteza<\/strong>\u00a0rend hommage au com\u00e9dien majorquin et se trouve dans le quartier de Sa Calatrava. Il abrite \u00e9galement le Conservatoire Municipal de Musique. De son c\u00f4t\u00e9, le\u00a0<strong>Th\u00e9\u00e2tre Municipal Catalina Valls<\/strong>\u00a0porte le nom d&#039;une actrice et dramaturge bien-aim\u00e9e n\u00e9e \u00e0 Palma et d\u00e9c\u00e9d\u00e9e il y a quelques ann\u00e9es \u00e0 peine. En plus de programmer des arts du spectacle et des concerts, il accueille des pr\u00e9sentations de livres.<\/p><p>Sans aucun doute, un autre des r\u00e9f\u00e9rents sc\u00e9niques de Majorque est l&#039;Auditori d&#039;Alcudia,\u00a0<strong>un b\u00e2timent r\u00e9solument moderne aux formes simples et aux mat\u00e9riaux purs<\/strong>\u00a0\u2013 verre, b\u00e9ton, bois, acier \u2013 inaugur\u00e9e en 2000 et qui semble d\u00e9fier la cit\u00e9 m\u00e9di\u00e9vale qui se refl\u00e8te, d\u00e9form\u00e9e, dans sa fa\u00e7ade de verre. Un \u00e9quipement culturel de luxe avec une programmation stable qui comprend du th\u00e9\u00e2tre, de la musique, de la danse et m\u00eame du cin\u00e9ma et l&#039;une des \u0153uvres architecturales les plus importantes du XXIe si\u00e8cle sur l&#039;\u00eele : un autre des grands th\u00e9\u00e2tres de Majorque.<\/p><p>Jusqu&#039;\u00e0 trois installations adapt\u00e9es aux arts du spectacle se trouvent dans la ville c\u00f4ti\u00e8re de Calvi\u00e0. Celui qui a le plus de pedigree est\u00a0<strong>Sa Soci\u00e9t\u00e9<\/strong>, un b\u00e2timent du d\u00e9but du XXe si\u00e8cle r\u00e9cup\u00e9r\u00e9 par la Mairie pour la culture. Sa programmation comprend du th\u00e9\u00e2tre, du cin\u00e9ma et des concerts. Sa Soci\u00e9t\u00e9 abrite \u00e9galement un centre social et des associations de quartier. L&#039;offre th\u00e9\u00e2trale de Calvi\u00e1 est compl\u00e9t\u00e9e par le\u00a0<strong>Auditori de Peguera<\/strong> (qui comprend un auditorium, une salle polyvalente et une salle de conf\u00e9rence) et le Recollect <strong>Salle Palmanova<\/strong>, con\u00e7u pour des repr\u00e9sentations et des concerts \u00e0 petite \u00e9chelle.<\/p><p>De son c\u00f4t\u00e9, la commune de Manacor propose deux propositions. L&#039;Auditori \u2013 inaugur\u00e9 en 2012 \u2013 est l&#039;une des infrastructures culturelles les plus r\u00e9centes de Majorque. Les architectes Xavier Fabr\u00e9 et Lluis Dilme, responsables de la reconstruction du Liceu de Barcelona apr\u00e8s son incendie, ont particip\u00e9 \u00e0 sa conception. Il dispose d\u2019une salle principale de pr\u00e8s de 800 places. De son c\u00f4t\u00e9, le\u00a0<a href=\"http:\/\/www.teatredemanacor.cat\/\" target=\"_blank\" rel=\"noopener\">Th\u00e9\u00e2tre municipal<\/a>\u00a0peut accueillir jusqu&#039;\u00e0 quatre salles et sa fondation organise depuis plus de 20 ans la Fira de Teatre de Manacor, l&#039;un des \u00e9v\u00e9nements bal\u00e9ares majeurs dans le monde des arts du spectacle.<\/p><p>Il y a deux autres th\u00e9\u00e2tres \u00e0 Majorque qui se distinguent par la particularit\u00e9 de leurs propositions : Le\u00a0<strong>Th\u00e9\u00e2tre Esc\u00e9nic de Campos<\/strong>\u00a0a \u00e9t\u00e9 inaugur\u00e9 au nouveau si\u00e8cle gr\u00e2ce \u00e0 l&#039;impulsion de Miquel et Toni Fullana de la compagnie Pometes Teatre. Tandis que le Teatre Lloseta \u2013 datant de 2002 et situ\u00e9 dans la ville du m\u00eame nom \u2013 programme de septembre \u00e0 juin du th\u00e9\u00e2tre, de la danse et de nombreux concerts, devenu une r\u00e9f\u00e9rence de l&#039;indie \u00e0 Majorque.<\/p><p>Enfin,<strong>\u00a0il convient de mentionner le puissant r\u00e9seau de th\u00e9\u00e2tres municipaux de l&#039;\u00eele<\/strong>, qui fournit des installations pour les arts du spectacle \u00e0 des lieux tels que Santany\u00ed, Muro, Vilafranca de Bonany, Son Servera (Th\u00e9\u00e2tre Municipal La Uni\u00f3), Alar\u00f2, Art\u00e0, Capdepera, Petra (Th\u00e9\u00e2tre Es Quarter, dans l&#039;ancienne caserne de la Garde civile) , Andratx (Th\u00e9\u00e2tre Municipal Sa Teulera) ou l&#039;Auditorium Sa M\u00e1niga de Cala Millor (Sant Lloren\u00e7 des Cardassar), qui accueille chaque ann\u00e9e le festival international de danse Dansam\u00e0niga.<\/p><p>Les amateurs des arts du spectacle peuvent \u00e9galement profiter de leur passion dans certains des nombreux th\u00e9\u00e2tres de Majorque ; une \u00eele qui, bien au-del\u00e0 de ses attraits touristiques, s&#039;engage r\u00e9solument en faveur de la culture et est marqu\u00e9e par l&#039;h\u00e9ritage d&#039;artistes universels comme Joan Mir\u00f3.<\/p><ul><li><strong>Auditorium de Palma de Mallorca<\/strong><br \/>Un V. de Gabriel Roca, 18, 07014 Palma, Illes Bal\u00e9ares<br \/><a href=\"https:\/\/auditoriumpalma.com\/es\/\" target=\"_blank\" rel=\"noopener\">https:\/\/auditoriumpalma.com\/es\/<\/a><\/li><li><strong>Teatro Principal De Palma<\/strong><br \/>Carrer de la Riera, 2, 07003 Palma, Illes Bal\u00e9ares<br \/><a href=\"https:\/\/www.teatreprincipal.com\/en\/\" target=\"_blank\" rel=\"noopener\">https:\/\/www.teatreprincipal.com\/en\/<\/a><\/li><\/ul>\t\t\t\t\t\t\t\t<\/div>\n\t\t\t\t<\/div>\n\t\t\t\t<div class=\"elementor-element elementor-element-6ab1d54 elementor-widget elementor-widget-text-editor\" data-id=\"6ab1d54\" data-element_type=\"widget\" data-e-type=\"widget\" data-settings=\"{&quot;wdt_animation_effect&quot;:&quot;none&quot;}\" data-widget_type=\"text-editor.default\">\n\t\t\t\t<div class=\"elementor-widget-container\">\n\t\t\t\t\t\t\t\t\t<h2>Cin\u00e9mas et salles de cin\u00e9ma<\/h2><p>Situ\u00e9 \u00e0 quelques pas de la plage de Calvia, l'Ocine Premium Portopi est la destination id\u00e9ale pour les cin\u00e9philes \u00e0 la recherche d'une exp\u00e9rience cin\u00e9matographique exceptionnelle. Ce cin\u00e9ma ultramoderne de Palma de Majorque, en Espagne, offre une combinaison de technologies de pointe, de si\u00e8ges confortables et d'une s\u00e9lection vari\u00e9e de films pour r\u00e9pondre aux go\u00fbts de tous les cin\u00e9philes.<\/p><p>En entrant dans l'Ocine Premium Portopi, vous remarquerez imm\u00e9diatement l'ambiance moderne et \u00e9l\u00e9gante. Le cin\u00e9ma dispose des \u00e9quipements audiovisuels les plus r\u00e9cents, notamment une projection num\u00e9rique d'une clart\u00e9 cristalline et un son surround immersif, garantissant que chaque sc\u00e8ne prend vie avec une clart\u00e9 et une pr\u00e9cision stup\u00e9fiantes. Que vous regardiez le dernier film d'action, une com\u00e9die romantique ou un thriller intense, la qualit\u00e9 visuelle et sonore de l'Ocine Premium Portopi d\u00e9passera vos attentes.<\/p><p>Pour am\u00e9liorer votre confort pendant le film, chaque si\u00e8ge du cin\u00e9ma est con\u00e7u avec le plus grand soin. \u00c9quip\u00e9 d'une petite table, vous pouvez placer votre pop-corn, vos en-cas et vos boissons \u00e0 port\u00e9e de main. En outre, un port USB int\u00e9gr\u00e9 vous permet de recharger vos appareils mobiles pendant toute la dur\u00e9e du film, ce qui vous permet de rester connect\u00e9 en toute tranquillit\u00e9.<\/p><p>Ocine Premium Portopi comprend l&#039;importance de la commodit\u00e9 et de la flexibilit\u00e9 pour les cin\u00e9philes. Avec sa programmation \u00e9tendue, le cin\u00e9ma r\u00e9pond \u00e0 un large \u00e9ventail de pr\u00e9f\u00e9rences. En semaine, le cin\u00e9ma fonctionne de 15h30 \u00e0 23h00, offrant ainsi de nombreuses occasions de regarder un film apr\u00e8s une journ\u00e9e pass\u00e9e \u00e0 profiter du soleil sur la plage de Calvia. Le week-end et les jours f\u00e9ri\u00e9s, le cin\u00e9ma ouvre deux fois, d&#039;abord de 11h30 \u00e0 13h00, puis de 15h30 \u00e0 23h00, vous offrant encore plus d&#039;options pour int\u00e9grer un film \u00e0 votre emploi du temps.<\/p><p>L'emplacement central du cin\u00e9ma \u00e0 Palma de Majorque le rend facilement accessible aux habitants et aux touristes. Que vous s\u00e9journiez \u00e0 Calvia ou que vous exploriez d'autres r\u00e9gions de l'\u00eele, l'Ocine Premium Portopi n'est qu'\u00e0 une courte distance, ce qui vous permet de vous adonner \u00e0 votre passion pour le cin\u00e9ma sans avoir \u00e0 vous d\u00e9placer.<\/p><p>Si vous \u00eates un cin\u00e9phile \u00e0 la recherche d'une exp\u00e9rience cin\u00e9matographique exceptionnelle pr\u00e8s de la plage de Calvia, ne cherchez pas plus loin que l'Ocine Premium Portopi. Plongez dans les derni\u00e8res superproductions, d\u00e9tendez-vous dans des si\u00e8ges confortables et profitez de la commodit\u00e9 et du luxe d'un cin\u00e9ma moderne qui comprend vraiment les besoins de son public. Pr\u00e9parez-vous \u00e0 embarquer pour un voyage cin\u00e9matographique m\u00e9morable \u00e0 l'Ocine Premium Portopi, o\u00f9 chaque visite promet une aventure cin\u00e9matographique inoubliable.<\/p><ul><li><strong>Ocine Premium Portopi<\/strong><br \/><a href=\"https:\/\/www.ocinepremiumportopi.es\/\" target=\"_blank\" rel=\"noopener\">https:\/\/www.ocinepremiumportopi.es\/<\/a><\/li><li><strong>R\u00edvoli Aficine<\/strong><br \/>Carrer d'Antoni Marqu\u00e8s, 25, 07003 Palma, Illes Balears<br \/><a href=\"https:\/\/www.aficine.com\/cine\/rivoli\/\" target=\"_blank\" rel=\"noopener\">https:\/\/www.aficine.com\/cine\/rivoli\/<\/a><\/li><li><strong>Augusta Aficine<\/strong><br \/>Un V. del Gran i General Consell, 2, 07004 Palma, Illes Bal\u00e9ares<br \/><a href=\"https:\/\/www.aficine.com\/cine\/augusta\/\" target=\"_blank\" rel=\"noopener\">https:\/\/www.aficine.com\/cine\/augusta\/<\/a><\/li><\/ul>\t\t\t\t\t\t\t\t<\/div>\n\t\t\t\t<\/div>\n\t\t\t\t\t<\/div>\n\t\t<\/div>\n\t\t\t\t\t<\/div>\n\t\t<\/section>\n\t\t\t\t<\/div>","protected":false},"excerpt":{"rendered":"<p>Theaters The island of Mallorca is also\u00a0a privileged place to enjoy the art of Tal\u00eda and Melp\u00f3mene; comedy and tragedy: the two sides of the theater. The number of halls [&hellip;]<\/p>\n","protected":false},"author":1,"featured_media":32092,"parent":4924,"menu_order":0,"comment_status":"closed","ping_status":"closed","template":"","meta":{"source_url":"","source_name":"","published_at":"","ai_reason":"","_monsterinsights_skip_tracking":false,"_monsterinsights_sitenote_active":false,"_monsterinsights_sitenote_note":"","_monsterinsights_sitenote_category":0,"_price":"","_stock":"","_tribe_ticket_header":"","_tribe_default_ticket_provider":"","_tribe_ticket_capacity":"0","_ticket_start_date":"","_ticket_end_date":"","_tribe_ticket_show_description":"","_tribe_ticket_show_not_going":false,"_tribe_ticket_use_global_stock":"","_tribe_ticket_global_stock_level":"","_global_stock_mode":"","_global_stock_cap":"","_tribe_rsvp_for_event":"","_tribe_ticket_going_count":"","_tribe_ticket_not_going_count":"","_tribe_tickets_list":"[]","_tribe_ticket_has_attendee_info_fields":false,"footnotes":"","_tec_slr_enabled":"","_tec_slr_layout":""},"class_list":["post-4932","page","type-page","status-publish","has-post-thumbnail","hentry"],"aioseo_notices":[],"ticketed":false,"_links":{"self":[{"href":"https:\/\/www.calviabeach.com\/fr\/wp-json\/wp\/v2\/pages\/4932","targetHints":{"allow":["GET"]}}],"collection":[{"href":"https:\/\/www.calviabeach.com\/fr\/wp-json\/wp\/v2\/pages"}],"about":[{"href":"https:\/\/www.calviabeach.com\/fr\/wp-json\/wp\/v2\/types\/page"}],"author":[{"embeddable":true,"href":"https:\/\/www.calviabeach.com\/fr\/wp-json\/wp\/v2\/users\/1"}],"replies":[{"embeddable":true,"href":"https:\/\/www.calviabeach.com\/fr\/wp-json\/wp\/v2\/comments?post=4932"}],"version-history":[{"count":0,"href":"https:\/\/www.calviabeach.com\/fr\/wp-json\/wp\/v2\/pages\/4932\/revisions"}],"up":[{"embeddable":true,"href":"https:\/\/www.calviabeach.com\/fr\/wp-json\/wp\/v2\/pages\/4924"}],"wp:featuredmedia":[{"embeddable":true,"href":"https:\/\/www.calviabeach.com\/fr\/wp-json\/wp\/v2\/media\/32092"}],"wp:attachment":[{"href":"https:\/\/www.calviabeach.com\/fr\/wp-json\/wp\/v2\/media?parent=4932"}],"curies":[{"name":"wp","href":"https:\/\/api.w.org\/{rel}","templated":true}]}}