{"id":4684,"date":"2022-02-20T16:50:37","date_gmt":"2022-02-20T16:50:37","guid":{"rendered":"https:\/\/www.calviabeach.com\/?page_id=4684"},"modified":"2024-11-25T22:04:28","modified_gmt":"2024-11-26T06:04:28","slug":"nail-salon-eyeleash-and-extensions","status":"publish","type":"page","link":"https:\/\/www.calviabeach.com\/fr\/spa-beauty-and-wellness\/nail-salon-eyeleash-and-extensions\/","title":{"rendered":"Salon de manucure, cils et extensions"},"content":{"rendered":"<div data-elementor-type=\"wp-page\" data-elementor-id=\"4684\" class=\"elementor elementor-4684\" data-elementor-post-type=\"page\">\n\t\t\t\t\t\t<section class=\"elementor-section elementor-top-section elementor-element elementor-element-74ff698 elementor-section-boxed elementor-section-height-default elementor-section-height-default\" data-id=\"74ff698\" data-element_type=\"section\" data-e-type=\"section\" data-settings=\"{&quot;wdt_bg_image&quot;:{&quot;url&quot;:&quot;&quot;,&quot;id&quot;:&quot;&quot;,&quot;size&quot;:&quot;&quot;},&quot;wdt_bg_image_widescreen&quot;:{&quot;url&quot;:&quot;&quot;,&quot;id&quot;:&quot;&quot;,&quot;size&quot;:&quot;&quot;},&quot;wdt_bg_image_laptop&quot;:{&quot;url&quot;:&quot;&quot;,&quot;id&quot;:&quot;&quot;,&quot;size&quot;:&quot;&quot;},&quot;wdt_bg_image_tablet_extra&quot;:{&quot;url&quot;:&quot;&quot;,&quot;id&quot;:&quot;&quot;,&quot;size&quot;:&quot;&quot;},&quot;wdt_bg_image_tablet&quot;:{&quot;url&quot;:&quot;&quot;,&quot;id&quot;:&quot;&quot;,&quot;size&quot;:&quot;&quot;},&quot;wdt_bg_image_mobile_extra&quot;:{&quot;url&quot;:&quot;&quot;,&quot;id&quot;:&quot;&quot;,&quot;size&quot;:&quot;&quot;},&quot;wdt_bg_image_mobile&quot;:{&quot;url&quot;:&quot;&quot;,&quot;id&quot;:&quot;&quot;,&quot;size&quot;:&quot;&quot;},&quot;wdt_bg_position&quot;:&quot;center center&quot;,&quot;wdt_animation_effect&quot;:&quot;none&quot;}\">\n\t\t\t\t\t\t<div class=\"elementor-container elementor-column-gap-default\">\n\t\t\t\t\t<div class=\"elementor-column elementor-col-100 elementor-top-column elementor-element elementor-element-7f6879be\" data-id=\"7f6879be\" data-element_type=\"column\" data-e-type=\"column\">\n\t\t\t<div class=\"elementor-widget-wrap elementor-element-populated\">\n\t\t\t\t\t\t<div class=\"elementor-element elementor-element-518ac96f elementor-widget elementor-widget-text-editor\" data-id=\"518ac96f\" data-element_type=\"widget\" data-e-type=\"widget\" data-settings=\"{&quot;wdt_animation_effect&quot;:&quot;none&quot;}\" data-widget_type=\"text-editor.default\">\n\t\t\t\t<div class=\"elementor-widget-container\">\n\t\t\t\t\t\t\t\t\t\n<h1>Salon de manucure, cils et extensions<\/h1>\n<p><em>Nous nous sentons tous mieux lorsque nous sommes \u00e0 notre meilleur et, \u00e0 Majorque, vous trouverez de nombreux services professionnels pour vous aider \u00e0 am\u00e9liorer votre <strong>beaut\u00e9 naturelle<\/strong>, et affrontez le monde parfaitement soign\u00e9.<\/em><\/p>\n<hr class=\"wp-block-separator has-alpha-channel-opacity\" \/>\n<h2 class=\"wp-block-heading\">\u00a0<\/h2>\n<h2>Soins du visage spa de luxe<\/h2>\n\n<figure class=\"wp-block-image is-resized\"><img fetchpriority=\"high\" decoding=\"async\" src=\"https:\/\/abcmallorcastorage.blob.core.windows.net\/images\/2015\/05\/beauty-treatments-img03.jpg\" alt=\"nul\" width=\"841\" height=\"418\" \/><\/figure>\n\n<p>La vari\u00e9t\u00e9 des soins du visage professionnels est aujourd&#039;hui presque \u00e9poustouflante, et nous n&#039;avons que l&#039;embarras du choix \u00e0 Majorque lorsqu&#039;il s&#039;agit de soins du visage de luxe. En voici quelques-unes pour vous tenter : Purohotel Spa utilise <strong>Produits en peau de mer<\/strong> \u2013 une marque liant \u00e9co-luxe et cosm\u00e9tique. Leur <strong>Soin du visage d\u00e9tox Seaskin<\/strong> est un soin nettoyant et purifiant en profondeur <strong>utiliser des produits biologiques<\/strong>. Le haut de gamme du Spa Son Brull <strong>Soin du visage holistique<\/strong> combine des soins du visage d&#039;aromath\u00e9rapie avec une t\u00eate d&#039;acupression et un massage du visage. Le soin comprend un masque nourrissant \u00e0 base de graines de lin et de sarrasin. Quatre-vingt-dix minutes de pur plaisir\u2026 Le massage japonais fait partie du massage Ko Bi Do Precious Youthful Face Care du Spa Bodyna Maricel, un <strong>traitement anti-\u00e2ge<\/strong> qui a l&#039;effet d&#039;un lifting naturel, am\u00e9liorant l&#039;\u00e9clat et la fermet\u00e9 de la peau.<\/p>\n<hr class=\"wp-block-separator has-alpha-channel-opacity\" \/>\n<h2 class=\"wp-block-heading\">\u00a0<\/h2>\n<h2>Microdermabrasion du visage<\/h2>\n\n<figure class=\"wp-block-image is-resized\"><img decoding=\"async\" src=\"https:\/\/abcmallorcastorage.blob.core.windows.net\/images\/2015\/05\/beauty-treatments-img02.jpg\" alt=\"nul\" width=\"841\" height=\"416\" \/><\/figure>\n\n<p>Un nombre de <strong>Les stars d&#039;Hollywood<\/strong> se sont tourn\u00e9s vers ce soin de la peau parce que <strong>cela donne un \u00ab lifting instantan\u00e9 \u00bb<\/strong> effet sans proc\u00e9dures chirurgicales co\u00fbteuses (et le temps de r\u00e9cup\u00e9ration associ\u00e9). La science derri\u00e8re cette th\u00e9rapie de plus en plus populaire est que de minuscules grains sont appliqu\u00e9s pour polir la surface de l&#039;\u00e9piderme de la peau \u2013 connue sous le nom de couche corn\u00e9e \u2013 en \u00e9liminant les cellules mortes et les d\u00e9bris qui donnent \u00e0 la peau un aspect terne et aux imperfections. Une puissante <strong>type d&#039;exfoliation<\/strong>Gr\u00e2ce \u00e0 un \u00e9quipement sophistiqu\u00e9, le traitement n&#039;est pas invasif et n&#039;endommagera pas la couche inf\u00e9rieure de la peau, ni le derme. Il peut \u00eatre b\u00e9n\u00e9fique pour lutter contre les taches de vieillesse, les cicatrices et les pores ouverts, et peut \u00eatre utilis\u00e9 sur le visage, la poitrine et les mains. La technologie originale de microdermabrasion est n\u00e9e dans les ann\u00e9es 80 et est connue sous le nom de microdermabrasion aux cristaux. <strong>La nouvelle microdermabrasion \u00e0 pointe de diamant est \u00e9galement d\u00e9sormais disponible \u00e0 Majorque<\/strong>. Le traitement est recommand\u00e9 au maximum une fois par mois et il est pr\u00e9f\u00e9rable qu&#039;il soit effectu\u00e9 par une personne poss\u00e9dant beaucoup d&#039;exp\u00e9rience et une formation appropri\u00e9e, dans un spa ou une clinique sp\u00e9cialis\u00e9e.<\/p>\n<hr class=\"wp-block-separator has-alpha-channel-opacity\" \/>\n<h2 class=\"wp-block-heading\">\u00a0<\/h2>\n<h2>Soins du visage nettoyants en profondeur<\/h2>\n\n<figure class=\"wp-block-image is-resized\"><img decoding=\"async\" src=\"https:\/\/abcmallorcastorage.blob.core.windows.net\/images\/2015\/05\/beauty-tretments-img012.jpg\" alt=\"nul\" width=\"840\" height=\"413\" \/><\/figure>\n\n<p><strong>Am\u00e9liorez les bienfaits d&#039;un r\u00e9gime de nettoyage r\u00e9gulier en traitant p\u00e9riodiquement votre peau avec un soin du visage nettoyant en profondeur.<\/strong>, qui peut stimuler la production de collag\u00e8ne et d\u2019\u00e9lastine et donner \u00e0 la peau une apparence plus jeune. Un nettoyage en profondeur aide \u00e0 \u00e9liminer les toxines auxquelles nous sommes soumis quotidiennement et contrecarre les effets du soleil, du vent et des polluants atmosph\u00e9riques. De nombreux spas et salons de beaut\u00e9 proposent plusieurs types de soins du visage et les traitements durent g\u00e9n\u00e9ralement environ une heure. En plus d&#039;un nettoyage en profondeur, votre traitement peut inclure une exfoliation, une extraction et un masque ; certaines comprennent un massage du visage et du cuir chevelu. Les soins du visage nettoyants en profondeur peuvent aider les adolescents ayant des taches et une peau \u00e0 tendance acn\u00e9ique. <strong>Teen Facial est offert \u00e0 <\/strong>H\u00f4tel Portixol (Palma) et H\u00f4tel Espl\u00e9ndido (Puerto S\u00f3ller). <strong>Il existe un large choix de types et de produits pour le nettoyage en profondeur du visage \u00e0 Majorque.<\/strong>, avec certains des meilleurs et des plus modernes que l&#039;on trouve dans les spas des h\u00f4tels 5 \u00e9toiles et dans les salons de beaut\u00e9 les plus haut de gamme de Palma.<\/p>\n<hr class=\"wp-block-separator has-alpha-channel-opacity\" \/>\n<h2 class=\"wp-block-heading\">\u00a0<\/h2>\n<h2>Soin du visage \u00e0 l&#039;oxyg\u00e8ne<\/h2>\n\n<figure class=\"wp-block-image is-resized\"><img loading=\"lazy\" decoding=\"async\" src=\"https:\/\/abcmallorcastorage.blob.core.windows.net\/images\/2015\/05\/beauty-treatments-img05.jpg\" alt=\"nul\" width=\"840\" height=\"413\" \/><\/figure>\n\n<p><strong>Les soins du visage \u00e0 l&#039;oxyg\u00e8ne sont devenus populaires parmi ceux qui recherchent le secret d&#039;une peau d&#039;apparence jeune.<\/strong> \u2013 parce qu&#039;ils ne n\u00e9cessitent pas d&#039;injections et qu&#039;il s&#039;agit de proc\u00e9dures non m\u00e9dicales propos\u00e9es dans les spas et les bons salons de beaut\u00e9. Les soins du visage n\u00e9cessitent d&#039;abord le <strong>peau \u00e0 nettoyer et exfolier<\/strong> avant que l&#039;oxyg\u00e8ne \u2013 g\u00e9n\u00e9ralement trait\u00e9 avec des suppl\u00e9ments respectueux de la peau, tels que des vitamines \u2013 ne soit introduit en douceur dans les pores \u00e0 l&#039;aide d&#039;un \u00e9quipement sp\u00e9cial. C&#039;est un traitement indolore qui oxyg\u00e8ne la peau pour l&#039;aider \u00e0 conserver sa fermet\u00e9 et \u00e0 lisser les rides et ridules, aide \u00e0 encourager la production de nouvelles cellules et de collag\u00e8ne et convient m\u00eame aux peaux sensibles. Bien que les soins du visage \u00e0 l\u2019oxyg\u00e8ne donnent une peau d\u2019apparence plus jeune avec une apparence plus propre et plus lumineuse, ils ne remplacent pas un programme de soins de la peau deux fois par jour \u00e0 la maison. Le spa Belmond La Residencia propose le tr\u00e8s efficace soin du visage Carboxi-Express de 25 minutes, et <strong>Talise Spa au <\/strong>Le Jumeirah Port Soller Hotel &amp; Spa propose un traitement \u00e0 l&#039;oxyg\u00e8ne de 90 minutes, une nouveaut\u00e9 cette ann\u00e9e. A l&#039;autre bout de l&#039;\u00eele, le Salon B de Portals Nous propose un nouveau soin du visage \u00e0 l&#039;oxyg\u00e8ne, utilisant les produits Thalgo \u00e0 base d&#039;algues.<\/p>\n<hr class=\"wp-block-separator has-alpha-channel-opacity\" \/>\n<h2 class=\"wp-block-heading\">\u00a0<\/h2>\n<h2>Des soins du visage con\u00e7us pour les hommes<\/h2>\n\n<figure class=\"wp-block-image is-resized\"><img loading=\"lazy\" decoding=\"async\" src=\"https:\/\/abcmallorcastorage.blob.core.windows.net\/images\/2015\/05\/beauty-traetments-img08.jpg\" alt=\"nul\" width=\"840\" height=\"405\" \/><\/figure>\n\n<p>L\u2019homme m\u00e9trosexuel d\u2019aujourd\u2019hui sait que prendre soin de son teint est aussi important que pour une femme. <strong>Les hommes se tournent de plus en plus vers les soins du visage professionnels<\/strong> pour aider leur peau \u00e0 faire face aux rigueurs de la vie quotidienne, comme le rasage et le stress. Pour r\u00e9pondre \u00e0 leurs besoins, certains spas et salons de Majorque s&#039;adressent \u00e0 une client\u00e8le masculine, en leur proposant des soins sp\u00e9cialement adapt\u00e9s. Parmi ceux-ci se trouve <strong>Belmond La Residencia Spa<\/strong>, qui propose le Gents 02 Facial, utilisant <strong>Produits Natura Biss\u00e9<\/strong>, qui comprend un massage du cuir chevelu, du cou et des \u00e9paules. \u00c0 Palma de Majorque, <strong>Celui de Carlos Martin<\/strong> <strong>salon de coiffure<\/strong> (on adore le fauteuil de barbier \u00e0 l&#039;ancienne) propose un choix de soins du visage et autres soins. Le <strong>Clinique Marigan et Concept Cheveux &amp; Beaut\u00e9<\/strong> \u2013 tous deux situ\u00e9s \u00e0 Palma \u2013 accueillent \u00e9galement une client\u00e8le masculine. <strong>Le spa brillance <\/strong>au Sheraton Mallorca, l&#039;Arabella Golf Hotel s\u00e9duit les hommes avec son soin du visage bio ; il y a un soin du visage \u00e0 base de romarin pour hommes au <strong>Spa de l&#039;H\u00f4tel Son Brull 5 \u00e9toiles<\/strong>, et le<strong> Talise Spa<\/strong> propose un soin du visage anti-stress d&#039;une heure.<\/p>\n<hr class=\"wp-block-separator has-alpha-channel-opacity\" \/>\n<h2 class=\"wp-block-heading\">\u00a0<\/h2>\n<h2>Manucure p\u00e9dicure<\/h2>\n\n<figure class=\"wp-block-image is-resized\"><img loading=\"lazy\" decoding=\"async\" src=\"https:\/\/abcmallorcastorage.blob.core.windows.net\/images\/2015\/05\/beauty-treatments-img09.jpg\" alt=\"nul\" width=\"842\" height=\"448\" \/><\/figure>\n\n<p>Des mains bien entretenues font partie de la premi\u00e8re impression que nous faisons lorsque nous rencontrons de nouvelles personnes, mais <strong>une manucure ou p\u00e9dicure professionnelle est l&#039;un des traitements de beaut\u00e9 les moins chers et les plus rapides disponibles<\/strong>. Pour une couleur semi-permanente impeccable, optez pour le CND Shellac ou le OPI Axxium Soak-off Gel Lacquer, qui donnent aux ongles une grande brillance pendant deux semaines, sans ou avec un minimum d&#039;\u00e9caillage. Ces laques \u00e0 s\u00e9chage rapide ne s&#039;\u00e9cailleront pas lorsque vous les plongerez dans votre sac \u00e0 main pour payer votre manucure, mais doivent \u00eatre retir\u00e9es par un professionnel au salon.<\/p>\n\n<figure class=\"wp-block-image\"><a href=\"https:\/\/www.abc-mallorca.com\/jiana-beauty-center\/\"><img decoding=\"async\" src=\"https:\/\/abcmallorcastorage.blob.core.windows.net\/images\/2020\/10\/jiana-beauty-12.jpg\" alt=\"Centre de beaut\u00e9 Jiana\" \/><\/a><\/figure>\n\n<h3 class=\"wp-block-heading\">\u00a0<\/h3>\n<h3>Centre de beaut\u00e9 Jiana<\/h3>\n\n<p>Faites confiance \u00e0 Diana Vasileva et \u00e0 son \u00e9quipe du Jiana Beauty Center \u00e0 Palmanova pour conna\u00eetre les derni\u00e8res nouveaut\u00e9s en mati\u00e8re de soins de la peau.<\/p>\n\n<p><strong>Certains spas et salons offrent un luxe suppl\u00e9mentaire \u00e0 leurs soins de manucure\/p\u00e9dicure<\/strong>, comme un masque hydratant, un massage relaxant ou m\u00eame un cocktail frais, du cava ou du G&amp;T\u00a0! Pour les occasions sp\u00e9ciales, vous souhaiterez peut-\u00eatre vous offrir quelque chose de plus \u00e9labor\u00e9 \u2013 du nail art ou des d\u00e9corations \u2013 propos\u00e9s dans les bars \u00e0 ongles sp\u00e9cialis\u00e9s. <strong>Vous pouvez m\u00eame vous r\u00e9unir avec un groupe d&#039;amis pour une soir\u00e9e manucure\/p\u00e9dicure priv\u00e9e au Nail Bar de Palma.<\/strong>. Que vous optiez pour un simple \u00ab\u00a0limage et polissage\u00a0\u00bb ou pour l&#039;une des manucures ou p\u00e9dicures les plus sophistiqu\u00e9es maintenant disponibles, vous quitterez le salon ou le spa en vous sentant soign\u00e9 \u00e0 la perfection.<\/p>\n\n<figure class=\"wp-block-image\"><a href=\"https:\/\/www.abc-mallorca.com\/nailing-look\/\"><img decoding=\"async\" src=\"https:\/\/abcmallorcastorage.blob.core.windows.net\/images\/2011\/10\/beauty-treatment-nails.jpg\" alt=\"Clouer le look\" \/><\/a><\/figure>\n\n<h3 class=\"wp-block-heading\">Clouer le look<\/h3>\n\n<p>Nos mains sont franches lorsqu&#039;il s&#039;agit de faire une premi\u00e8re impression sur quelqu&#039;un et des ongles et des mains parfaitement soign\u00e9s peuvent \u00eatre obtenus facilement et \u00e0 moindre co\u00fbt.<\/p>\n<hr class=\"wp-block-separator has-alpha-channel-opacity\" \/>\n<h2 class=\"wp-block-heading\">\u00a0<\/h2>\n<h2>Salon de coiffure<\/h2>\n\n<figure class=\"wp-block-image is-resized\"><img loading=\"lazy\" decoding=\"async\" src=\"https:\/\/abcmallorcastorage.blob.core.windows.net\/images\/2015\/05\/beauty-treatments-10.jpg\" alt=\"nul\" width=\"839\" height=\"406\" \/><\/figure>\n\n<p>En mati\u00e8re de coiffure et de soins capillaires, <strong>il y a beaucoup de choix o\u00f9 que vous soyez \u00e0 Majorque<\/strong> \u2013 y compris des salons dirig\u00e9s par des coiffeurs talentueux venus d\u2019autres r\u00e9gions d\u2019Europe pour s\u2019installer sur l\u2019\u00eele. <strong>Stefan Niederzu<\/strong> a coiff\u00e9 un certain nombre de c\u00e9l\u00e9brit\u00e9s pour des s\u00e9ances photo, t\u00e9l\u00e9vis\u00e9es et cin\u00e9matographiques, et poss\u00e8de son salon sur rendez-vous uniquement \u00e0 Palma. <strong>Udo Walz<\/strong> est un autre coiffeur allemand renomm\u00e9 de la capitale de Majorque. Les coiffeurs britanniques de l&#039;\u00eele comprennent <strong>Coiffure \u00c9den<\/strong> \u00e0 Santa Catalina, et <strong>Salon B<\/strong> dans Portals Nous. <strong>Plusieurs spas d&#039;h\u00f4tels 5 \u00e9toiles proposent \u00e9galement des services de coiffure sur rendez-vous<\/strong>. Envie de cheveux plus longs ? Les extensions de cheveux peuvent \u00eatre la r\u00e9ponse\u00a0: d\u00e9couvrez <strong>La boutique d&#039;extension \u00e0 Palma<\/strong>; un nouveau salon allemand proposant des extensions de cheveux devrait ouvrir ses portes ce printemps \u00e0 S\u00f3ller. Si la perte de cheveux \u2013 suite \u00e0 une alop\u00e9cie ou \u00e0 des traitements m\u00e9dicaux comme la chimioth\u00e9rapie \u2013 vous affecte, ou si vous souhaitez simplement un nouveau look temporaire,<strong> Monna Lisa<\/strong> \u00e0 Palma propose un large choix de perruques pour femmes et hommes dans une vari\u00e9t\u00e9 de couleurs et de styles. \u00c0 S\u00f3ller, prochain nouveau salon de coiffure <strong>Artiste Calabruix<\/strong> vendra \u00e9galement des perruques.<\/p>\n<hr class=\"wp-block-separator has-alpha-channel-opacity\" \/>\n<h2 class=\"wp-block-heading\">\u00a0<\/h2>\n<h2>Coiffeurs mobiles<\/h2>\n\n<figure class=\"wp-block-image is-resized\"><img loading=\"lazy\" decoding=\"async\" src=\"https:\/\/abcmallorcastorage.blob.core.windows.net\/images\/2015\/05\/beauty-treatments-img11.jpg\" alt=\"nul\" width=\"840\" height=\"417\" \/><\/figure>\n\n<p><strong>Pour les occasions sp\u00e9ciales comme les mariages, les services d\u2019un coiffeur mobile sont inestimables<\/strong> \u2013 gain de temps et de stress dans la journ\u00e9e. Les pr\u00e9paratifs de la noce sont une partie importante et m\u00e9morable de la grande occasion et, en ayant un coiffeur \u00e0 port\u00e9e de main, certains souvenirs pr\u00e9cieux peuvent \u00eatre captur\u00e9s par la cam\u00e9ra dans le cadre de votre choix \u2013 plut\u00f4t que dans un salon tr\u00e8s fr\u00e9quent\u00e9. C&#039;est un grand plaisir pour la mari\u00e9e, les demoiselles d&#039;honneur et les m\u00e8res du couple de partager ce moment ensemble, autour d&#039;une coupe de champagne. Les coiffeurs mobiles arrivent \u00e0 l&#039;endroit convenu avec tout le mat\u00e9riel dont ils ont besoin et vous pouvez n\u00e9gocier leur dur\u00e9e de disponibilit\u00e9 pour les \u00e9ventuelles retouches capillaires n\u00e9cessaires aux photos officielles. Pour les mari\u00e9es en particulier, il vaut la peine de prendre rendez-vous \u00e0 l&#039;avance pour discuter et tester la coiffure souhait\u00e9e avec le couvre-chef de votre choix, comme un voile ou un diad\u00e8me.\u00a0<strong> De nombreux stylistes de salon se d\u00e9placent pour s&#039;occuper des clients dans des h\u00f4tels, des maisons ou d&#039;autres lieux.<\/strong> mais il existe \u00e9galement des coiffeurs mobiles \u00e0 Majorque, qui proposent un service professionnel dans le lieu de votre choix.<\/p>\n\n<figure class=\"wp-block-image\"><a href=\"https:\/\/www.abc-mallorca.com\/mallorca-wedding\/\"><img decoding=\"async\" src=\"https:\/\/abcmallorcastorage.blob.core.windows.net\/images\/2017\/01\/wedding-mallorca-01-1.jpg\" alt=\"Mariage \u00e0 Majorque\" \/><\/a><\/figure>\n\n<h3 class=\"wp-block-heading\">Mariage \u00e0 Majorque<\/h3>\n\n<p>Se marier \u00e0 Majorque \u2013 de l&#039;organisateur de mariage \u00e0 l&#039;organisation de votre propre mariage \u2013 voici votre guide complet pour c\u00e9l\u00e9brer le mariage de vos r\u00eaves \u00e0 Majorque.<\/p>\n<hr class=\"wp-block-separator has-alpha-channel-opacity\" \/>\n<h2 class=\"wp-block-heading\">\u00a0<\/h2>\n<h2>Maquilleurs<\/h2>\n\n<figure class=\"wp-block-image is-resized\"><img loading=\"lazy\" decoding=\"async\" src=\"https:\/\/abcmallorcastorage.blob.core.windows.net\/images\/2015\/05\/beauty-treatments-img17.jpg\" alt=\"nul\" width=\"839\" height=\"418\" \/><\/figure>\n\n<p>Pour les occasions o\u00f9 tous les yeux \u2013 et les cam\u00e9ras \u2013 sont tourn\u00e9s vers nous, cela vaut la peine d&#039;utiliser le <strong>les services d&#039;une maquilleuse professionnelle pour vous aider \u00e0 pr\u00e9senter votre meilleur visage au monde<\/strong>. M\u00eame si ce n&#039;est pas pour un mariage ou une autre occasion sp\u00e9ciale, se faire maquiller par un professionnel peut vous faire d\u00e9couvrir de nouvelles techniques, de nouveaux produits et de nouvelles couleurs que vous n&#039;auriez peut-\u00eatre pas envisag\u00e9s auparavant \u2013 et vous ouvrir les yeux sur une nouvelle personnalit\u00e9. Il est tr\u00e8s facile de se retrouver coinc\u00e9 dans une orni\u00e8re de maquillage ! <strong>Vous trouverez d&#039;excellents maquilleurs espagnols et internationaux tr\u00e8s exp\u00e9riment\u00e9s bas\u00e9s \u00e0 Majorque.<\/strong>, avec le talent de rehausser la beaut\u00e9 naturelle et de dissimuler les imperfections. Certains de ces artistes sont \u00e9galement coiffeurs dipl\u00f4m\u00e9s. <strong>Jennifer Jeanne<\/strong> (qui a remport\u00e9 le \u00ab Wedding Industry Expert Award \u00bb au Royaume-Uni en 2014), <strong>Monique Ramos<\/strong>, et <strong>Monika Hubert<\/strong> ont tous apport\u00e9 leur expertise lors des pr\u00e9c\u00e9dentes s\u00e9ances photo de mode d&#039;abcMallorca. Certains h\u00f4tels \u2013 dont <strong>Belmond La Residencia \u00e0 Dei\u00e0<\/strong> \u2013 proposer des forfaits mariage comprenant maquillage, coiffure et manucure.<\/p>\n<hr class=\"wp-block-separator has-alpha-channel-opacity\" \/>\n<h2 class=\"wp-block-heading\">\u00a0<\/h2>\n<h2>Maquillage permanent<\/h2>\n\n<figure class=\"wp-block-image is-resized\"><img loading=\"lazy\" decoding=\"async\" src=\"https:\/\/abcmallorcastorage.blob.core.windows.net\/images\/2015\/05\/beauty-treatments-img13.jpg\" alt=\"nul\" width=\"838\" height=\"409\" \/><\/figure>\n\n<p>Si le processus normal de vieillissement, ou un traitement m\u00e9dicamenteux (comme la chimioth\u00e9rapie), a entra\u00een\u00e9 une perte de d\u00e9finition des traits du visage, le maquillage permanent est une solution possible. C&#039;est aussi la r\u00e9ponse pour celles qui veulent toujours para\u00eetre maquill\u00e9es sans effort. <strong>Le maquillage permanent utilise le tatouage pour cr\u00e9er les effets recherch\u00e9s<\/strong>, comme des l\u00e8vres plus charnues, des lignes des yeux d\u00e9finies ou des sourcils bien dessin\u00e9s. Parce que le traitement est permanent (m\u00eame s&#039;il peut s&#039;estomper avec le temps) et invasif, <strong>il est essentiel de choisir un sp\u00e9cialiste pleinement qualifi\u00e9<\/strong> dans ce domaine et, ce faisant, de pr\u00e9ciser les r\u00e9sultats que vous souhaitez. <strong>Le maquillage permanent devient de plus en plus populaire comme soin de beaut\u00e9<\/strong>, mais nous avons tous vu de mauvais exemples \u2013 souvent \u00ab cr\u00e9\u00e9s \u00bb par ceux qui n&#039;ont pas suffisamment d&#039;exp\u00e9rience ou de connaissances. <strong>Groupe Marin<\/strong> \u00e0 Palma de Majorque travaille avec la derni\u00e8re technologie de micropigmentation, de la soci\u00e9t\u00e9 allemande Riso, qui utilise les couleurs les plus r\u00e9centes et les mieux test\u00e9es contre les allergies, sans substances nocives. L&#039;unit\u00e9 Ri-soft liner Ultima est la derni\u00e8re technologie brevet\u00e9e, \u00e9quip\u00e9e d&#039;un micro-capteur pour g\u00e9rer et appliquer avec pr\u00e9cision la couleur n\u00e9cessaire en fonction de la peau du sujet. C&#039;est une exclusivit\u00e9 \u00e0 Majorque du Grupo Marin.<\/p>\n<hr class=\"wp-block-separator has-alpha-channel-opacity\" \/>\n<h2 class=\"wp-block-heading\">\u00a0<\/h2>\n<h2>Epilation \u00e0 la cire et au laser<\/h2>\n\n<figure class=\"wp-block-image is-resized\"><img loading=\"lazy\" decoding=\"async\" src=\"https:\/\/abcmallorcastorage.blob.core.windows.net\/images\/2015\/05\/beauty-treatments-img14.jpg\" alt=\"nul\" width=\"841\" height=\"406\" \/><\/figure>\n\n<p>Les poils ind\u00e9sirables du corps et du visage peuvent \u00eatre \u00e9limin\u00e9s rapidement et presque sans douleur. <strong>de nombreux salons et cliniques esth\u00e9tiques \u00e0 Majorque proposent des traitements pour femmes et hommes<\/strong>. \u00c9vitez le rasage pour une douceur plus durable. Le c\u00e9l\u00e8bre Lycon Precision Waxing sans douleur d&#039;Australie est le choix d&#039;\u00e9pilation de nombreux A-listers. La repousse est plus lente qu\u2019avec une \u00e9pilation classique et le traitement est efficace m\u00eame sur poils tr\u00e8s courts. <strong>L&#039;\u00e9pilation est l&#039;une des proc\u00e9dures esth\u00e9tiques au laser les plus populaires d&#039;aujourd&#039;hui.<\/strong>. Une s\u00e9rie de traitements est n\u00e9cessaire pour obtenir les meilleurs r\u00e9sultats et, bien que l\u2019\u00e9pilation compl\u00e8te et permanente ne soit pas garantie, les r\u00e9sultats sont impressionnants. Il fonctionne en utilisant de br\u00e8ves impulsions lumineuses de longueurs d\u2019onde sp\u00e9cifiques pour p\u00e9n\u00e9trer dans la gaine capillaire jusqu\u2019\u00e0 la racine. L&#039;alexandrite, la diode et l&#039;IPL (lumi\u00e8re intense puls\u00e9e) sont les types utilis\u00e9s pour l&#039;\u00e9pilation, et bien que l&#039;IPL ne soit pas un laser, il est efficace. Il est important de choisir un salon ou une clinique professionnelle pour ces traitements, car ils ne conviennent pas \u00e0 certains types de peau et de cheveux.<\/p>\n<hr class=\"wp-block-separator has-alpha-channel-opacity\" \/>\n<h2 class=\"wp-block-heading\">\u00a0<\/h2>\n<h2>Cellulite<\/h2>\n\n<figure class=\"wp-block-image is-resized\"><img loading=\"lazy\" decoding=\"async\" src=\"https:\/\/abcmallorcastorage.blob.core.windows.net\/images\/2015\/05\/beauty-treatments-img15.jpg\" alt=\"nul\" width=\"839\" height=\"414\" \/><\/figure>\n\n<p>Il s&#039;agit d&#039;une maladie qui n&#039;est pas encore largement comprise, mais qui est largement reconnue : une peau qui semble capitonn\u00e9e et grumeleuse, et souvent appel\u00e9e peau d&#039;orange ou peau de fromage cottage. Plus fr\u00e9quente chez les femmes en raison de leur type de peau et de leur tissu conjonctif, ainsi que de l&#039;influence hormonale, on la retrouve le plus souvent au niveau des cuisses et des fesses.<strong> Pour \u00e9viter la cellulite, les experts recommandent une alimentation saine, riche en fruits, l\u00e9gumes et fibres.<\/strong>. On pense \u00e9galement que l\u2019exercice r\u00e9gulier, le maintien d\u2019un poids sant\u00e9 et l\u2019\u00e9vitement du stress autant que possible sont utiles. \u00c9viter les \u00e9lastiques serr\u00e9s dans les sous-v\u00eatements peut \u00e9galement aider. Si la cellulite s&#039;est d\u00e9j\u00e0 install\u00e9e et que vous osez \u00e0 peine vous d\u00e9nuder sur la plage, <strong>il existe divers traitements non chirurgicaux disponibles \u00e0 Majorque qui peuvent aider \u00e0 r\u00e9duire l&#039;apparence de la maladie.<\/strong>. <strong>mySkin \u00e0 Bendinat<\/strong> propose la m\u00e9soth\u00e9rapie et le micro-needling : deux traitements diff\u00e9rents ciblant la cellulite. <strong>Soin Guinot Technispa du Belmond La Residencia Spa<\/strong> utilise une machine corporelle exclusive pour raffermir et tonifier le corps gr\u00e2ce \u00e0 un lipo-dermal-sculpting. \u00c0 <strong>Clinique du Dr Morano \u00e0 Palma<\/strong>, La th\u00e9rapie par radiofr\u00e9quence Accent est consid\u00e9r\u00e9e comme s\u00fbre, efficace et donne des r\u00e9sultats durables. Aux Incas,<strong> M\u00e9disan<\/strong> propose \u00e9galement un traitement anti-cellulite.<\/p>\n\n<figure class=\"wp-block-image\"><a href=\"https:\/\/www.abc-mallorca.com\/doctor-morano-clinic\/\"><img decoding=\"async\" src=\"https:\/\/abcmallorcastorage.blob.core.windows.net\/images\/2014\/08\/morano-04.jpg\" alt=\"Obtenez la meilleure version de vous-m\u00eame chez Docteur Morano\" \/><\/a><\/figure>\n\n<h3 class=\"wp-block-heading\">Obtenez la meilleure version de vous-m\u00eame chez Docteur Morano<\/h3>\n\n<p>Prendre soin de notre peau et de notre corps est l\u2019une de nos plus grandes priorit\u00e9s. Dans cette clinique moderne de Palma, vous trouverez les meilleurs soins possibles !<\/p>\n<hr class=\"wp-block-separator has-alpha-channel-opacity\" \/>\n<h2 class=\"wp-block-heading\">\u00a0<\/h2>\n<h2>Proc\u00e9dures esth\u00e9tiques non chirurgicales<\/h2>\n\n<figure class=\"wp-block-image is-resized\"><img loading=\"lazy\" decoding=\"async\" src=\"https:\/\/abcmallorcastorage.blob.core.windows.net\/images\/2017\/02\/non-surgical-remedies-img1.jpg\" alt=\"\" width=\"840\" height=\"462\" \/><\/figure>\n\n<p>Les signes du vieillissement tels que les rides, les sillons et la perte d&#039;\u00e9lasticit\u00e9 peuvent \u00eatre cibl\u00e9s de mani\u00e8re plus intensive gr\u00e2ce \u00e0 des produits injectables largement reconnus tels que <strong>Botox<\/strong>, <strong>produits de comblement cutan\u00e9<\/strong> et soin du visage enrichi en vitamines <strong>m\u00e9soth\u00e9rapie<\/strong>. Il va sans dire qu&#039;il est primordial de faire ses recherches et de ne confier qu&#039;\u00e0 un praticien hautement qualifi\u00e9 et exp\u00e9riment\u00e9 si vous envisagez une intervention de cette nature. Le Dr Estrella Fern\u00e1ndez est une chirurgienne esth\u00e9tique tr\u00e8s respect\u00e9e qui propose une gamme de traitements non chirurgicaux dans sa clinique de Palma.<\/p>\n\n<figure class=\"wp-block-image\"><a href=\"https:\/\/www.abc-mallorca.com\/doctor-estrella-fernandez-eye-clinic\/\"><img decoding=\"async\" src=\"https:\/\/abcmallorcastorage.blob.core.windows.net\/images\/2016\/11\/dra-estrella-fernandez-20.jpg\" alt=\"Dr Estrella Fern\u00e1ndez\" \/><\/a><\/figure>\n\n<h3 class=\"wp-block-heading\">Dr Estrella Fern\u00e1ndez<\/h3>\n\n<p>Fond\u00e9e par le Dr Estrella Fernandez, m\u00e9decin r\u00e9put\u00e9 dans le domaine de l&#039;ophtalmologie, elle se sp\u00e9cialise en oculoplastie, esth\u00e9tique et rajeunissement du visage.<\/p>\n\n<p>De plus, le tr\u00e8s appr\u00e9ci\u00e9\u00a0<strong>Clinique Juaneda<\/strong> dispose d&#039;une \u00e9quipe sp\u00e9cialis\u00e9e de professionnels de la sant\u00e9 qui conseillent et ex\u00e9cutent des traitements anti-\u00e2ge avanc\u00e9s, notamment le Botox, les produits de comblement et la m\u00e9soth\u00e9rapie. Les deux cliniques offrent \u00e9galement <strong>laser<\/strong> et <strong>peeling<\/strong> proc\u00e9dures, de plus en plus populaires aupr\u00e8s des clients hommes et femmes pr\u00e9occup\u00e9s par les effets d\u2019une exposition solaire \u00e0 long terme.<\/p>\n<hr class=\"wp-block-separator has-alpha-channel-opacity\" \/>\n<h2 class=\"wp-block-heading\">\u00a0<\/h2>\n<h2>Cosm\u00e9tiques de Majorque<\/h2>\n\n<figure class=\"wp-block-image is-resized\"><img loading=\"lazy\" decoding=\"async\" src=\"https:\/\/abcmallorcastorage.blob.core.windows.net\/images\/2015\/05\/beauty-treatments-img16.jpg\" alt=\"nul\" width=\"840\" height=\"413\" \/><\/figure>\n\n<p>Si vous vous souciez de ce que vous mettez sur votre peau et que vous \u00eates pr\u00e9occup\u00e9 par les ingr\u00e9dients chimiques utilis\u00e9s dans de nombreux produits cosm\u00e9tiques et de beaut\u00e9, ne cherchez pas plus loin que Majorque pour votre prochain achat de produits de beaut\u00e9. L&#039;\u00eele abrite plusieurs fabricants de kinder, mais <strong>des produits cosm\u00e9tiques et de beaut\u00e9 efficaces, fabriqu\u00e9s \u00e0 partir d&#039;ingr\u00e9dients naturels cultiv\u00e9s \u00e0 Majorque<\/strong>. Voici quelques favoris\u00a0: <strong>Gaia Cosm\u00e9tiques Naturels<\/strong>, fond\u00e9e par Trudi Murray, propose des produits artisanaux pour toute la famille, fabriqu\u00e9s \u00e0 partir d&#039;ingr\u00e9dients naturels et biologiques purs et simples r\u00e9colt\u00e9s sur ses terres. Ils ne contiennent aucun produit chimique et sont pr\u00e9sent\u00e9s dans un emballage \u00e9cologique. <strong>Bellesa de Claret<\/strong> (Castell Son Claret) utilise les produits Gaia. <strong>Cosm\u00e9tiques \u00e9cologiques<\/strong> a \u00e9t\u00e9 fond\u00e9e par Linda Nicolau en 1993 et propose des produits efficaces et fabriqu\u00e9s (et emball\u00e9s) de mani\u00e8re durable \u00e0 partir d&#039;ingr\u00e9dients naturels de haute qualit\u00e9. <strong>Sans parab\u00e8nes ni colorants artificiels<\/strong>, les produits sont utilis\u00e9s dans les spas des h\u00f4tels \u2013 dont U Spa by Barcel\u00f3 \u2013 dans toute l&#039;Espagne. <strong>Pensez Cosm\u00e9tique \u00e0 Pollen\u00e7a<\/strong> produit une gamme utilisant des extraits et des ingr\u00e9dients naturels de Majorque, pour le bien de la peau et des cheveux. Un certain nombre d\u2019h\u00f4tels \u2013 dont <strong>Fils Brull<\/strong> \u2013 \u00e0 Majorque, utilisez Think Cosmetic pour les articles de toilette des invit\u00e9s.<\/p>\n\t\t\t\t\t\t\t\t<\/div>\n\t\t\t\t<\/div>\n\t\t\t\t\t<\/div>\n\t\t<\/div>\n\t\t\t\t\t<\/div>\n\t\t<\/section>\n\t\t\t\t<\/div>","protected":false},"excerpt":{"rendered":"<p>Nail Salon, Eyeleash and Extensions We all feel better when we look our best and, on Mallorca, you\u2019ll find many professional services to help you enhance your natural beauty, and [&hellip;]<\/p>\n","protected":false},"author":1,"featured_media":0,"parent":4651,"menu_order":0,"comment_status":"closed","ping_status":"closed","template":"","meta":{"source_url":"","source_name":"","published_at":"","ai_reason":"","_monsterinsights_skip_tracking":false,"_monsterinsights_sitenote_active":false,"_monsterinsights_sitenote_note":"","_monsterinsights_sitenote_category":0,"_price":"","_stock":"","_tribe_ticket_header":"","_tribe_default_ticket_provider":"","_tribe_ticket_capacity":"0","_ticket_start_date":"","_ticket_end_date":"","_tribe_ticket_show_description":"","_tribe_ticket_show_not_going":false,"_tribe_ticket_use_global_stock":"","_tribe_ticket_global_stock_level":"","_global_stock_mode":"","_global_stock_cap":"","_tribe_rsvp_for_event":"","_tribe_ticket_going_count":"","_tribe_ticket_not_going_count":"","_tribe_tickets_list":"[]","_tribe_ticket_has_attendee_info_fields":false,"footnotes":"","_tec_slr_enabled":"","_tec_slr_layout":""},"class_list":["post-4684","page","type-page","status-publish","has-post-thumbnail","hentry"],"aioseo_notices":[],"ticketed":false,"_links":{"self":[{"href":"https:\/\/www.calviabeach.com\/fr\/wp-json\/wp\/v2\/pages\/4684","targetHints":{"allow":["GET"]}}],"collection":[{"href":"https:\/\/www.calviabeach.com\/fr\/wp-json\/wp\/v2\/pages"}],"about":[{"href":"https:\/\/www.calviabeach.com\/fr\/wp-json\/wp\/v2\/types\/page"}],"author":[{"embeddable":true,"href":"https:\/\/www.calviabeach.com\/fr\/wp-json\/wp\/v2\/users\/1"}],"replies":[{"embeddable":true,"href":"https:\/\/www.calviabeach.com\/fr\/wp-json\/wp\/v2\/comments?post=4684"}],"version-history":[{"count":0,"href":"https:\/\/www.calviabeach.com\/fr\/wp-json\/wp\/v2\/pages\/4684\/revisions"}],"up":[{"embeddable":true,"href":"https:\/\/www.calviabeach.com\/fr\/wp-json\/wp\/v2\/pages\/4651"}],"wp:attachment":[{"href":"https:\/\/www.calviabeach.com\/fr\/wp-json\/wp\/v2\/media?parent=4684"}],"curies":[{"name":"wp","href":"https:\/\/api.w.org\/{rel}","templated":true}]}}