{"id":4684,"date":"2022-02-20T16:50:37","date_gmt":"2022-02-20T16:50:37","guid":{"rendered":"https:\/\/www.calviabeach.com\/?page_id=4684"},"modified":"2024-11-25T22:04:28","modified_gmt":"2024-11-26T06:04:28","slug":"nail-salon-eyeleash-and-extensions","status":"publish","type":"page","link":"https:\/\/www.calviabeach.com\/es\/spa-beauty-and-wellness\/nail-salon-eyeleash-and-extensions\/","title":{"rendered":"Sal\u00f3n de u\u00f1as, pesta\u00f1as y extensiones."},"content":{"rendered":"<div data-elementor-type=\"wp-page\" data-elementor-id=\"4684\" class=\"elementor elementor-4684\" data-elementor-post-type=\"page\">\n\t\t\t\t\t\t<section class=\"elementor-section elementor-top-section elementor-element elementor-element-74ff698 elementor-section-boxed elementor-section-height-default elementor-section-height-default\" data-id=\"74ff698\" data-element_type=\"section\" data-e-type=\"section\" data-settings=\"{&quot;wdt_bg_image&quot;:{&quot;url&quot;:&quot;&quot;,&quot;id&quot;:&quot;&quot;,&quot;size&quot;:&quot;&quot;},&quot;wdt_bg_image_widescreen&quot;:{&quot;url&quot;:&quot;&quot;,&quot;id&quot;:&quot;&quot;,&quot;size&quot;:&quot;&quot;},&quot;wdt_bg_image_laptop&quot;:{&quot;url&quot;:&quot;&quot;,&quot;id&quot;:&quot;&quot;,&quot;size&quot;:&quot;&quot;},&quot;wdt_bg_image_tablet_extra&quot;:{&quot;url&quot;:&quot;&quot;,&quot;id&quot;:&quot;&quot;,&quot;size&quot;:&quot;&quot;},&quot;wdt_bg_image_tablet&quot;:{&quot;url&quot;:&quot;&quot;,&quot;id&quot;:&quot;&quot;,&quot;size&quot;:&quot;&quot;},&quot;wdt_bg_image_mobile_extra&quot;:{&quot;url&quot;:&quot;&quot;,&quot;id&quot;:&quot;&quot;,&quot;size&quot;:&quot;&quot;},&quot;wdt_bg_image_mobile&quot;:{&quot;url&quot;:&quot;&quot;,&quot;id&quot;:&quot;&quot;,&quot;size&quot;:&quot;&quot;},&quot;wdt_bg_position&quot;:&quot;center center&quot;,&quot;wdt_animation_effect&quot;:&quot;none&quot;}\">\n\t\t\t\t\t\t<div class=\"elementor-container elementor-column-gap-default\">\n\t\t\t\t\t<div class=\"elementor-column elementor-col-100 elementor-top-column elementor-element elementor-element-7f6879be\" data-id=\"7f6879be\" data-element_type=\"column\" data-e-type=\"column\">\n\t\t\t<div class=\"elementor-widget-wrap elementor-element-populated\">\n\t\t\t\t\t\t<div class=\"elementor-element elementor-element-518ac96f elementor-widget elementor-widget-text-editor\" data-id=\"518ac96f\" data-element_type=\"widget\" data-e-type=\"widget\" data-settings=\"{&quot;wdt_animation_effect&quot;:&quot;none&quot;}\" data-widget_type=\"text-editor.default\">\n\t\t\t\t<div class=\"elementor-widget-container\">\n\t\t\t\t\t\t\t\t\t\n<h1>Sal\u00f3n de u\u00f1as, pesta\u00f1as y extensiones.<\/h1>\n<p><em>Todos nos sentimos mejor cuando nos vemos lo mejor posible y, en Mallorca, encontrar\u00e1s muchos servicios profesionales que te ayudar\u00e1n a mejorar tu <strong>belleza natural<\/strong>y afrontar el mundo perfectamente arreglado.<\/em><\/p>\n<hr class=\"wp-block-separator has-alpha-channel-opacity\" \/>\n<h2 class=\"wp-block-heading\">\u00a0<\/h2>\n<h2>Tratamientos faciales de spa de lujo<\/h2>\n\n<figure class=\"wp-block-image is-resized\"><img fetchpriority=\"high\" decoding=\"async\" src=\"https:\/\/abcmallorcastorage.blob.core.windows.net\/images\/2015\/05\/beauty-treatments-img03.jpg\" alt=\"null\" width=\"841\" height=\"418\" \/><\/figure>\n\n<p>La variedad de tratamientos faciales profesionales hoy en d\u00eda es casi alucinante, y en Mallorca tenemos muchas opciones para elegir cuando se trata de tratamientos faciales de lujo. \u00c9stos son s\u00f3lo algunos para tentarte: Usos de Purohotel Spa <strong>Productos de piel de mar<\/strong> \u2013 una marca que vincula el eco-lujo y la cosm\u00e9tica. Su <strong>Facial desintoxicante de piel de mar<\/strong> es un tratamiento de limpieza y purificaci\u00f3n profunda <strong>utilizando productos biol\u00f3gicos<\/strong>. La gama alta de Son Brull Spa <strong>Facial Hol\u00edstico<\/strong> Combina el cuidado facial con aromaterapia con un masaje facial y de acupresi\u00f3n. El tratamiento incluye una mascarilla facial nutritiva que contiene semillas de lino y trigo sarraceno. Noventa minutos de puro placer\u2026 El masaje japon\u00e9s es parte del Ko Bi Do Precious Youthful Face Care Massage de Spa Bodyna Maricel, un <strong>tratamiento antienvejecimiento<\/strong> que tiene el efecto de un lifting facial natural, mejorando la luminosidad y firmeza de la piel.<\/p>\n<hr class=\"wp-block-separator has-alpha-channel-opacity\" \/>\n<h2 class=\"wp-block-heading\">\u00a0<\/h2>\n<h2>Microdermoabrasi\u00f3n facial<\/h2>\n\n<figure class=\"wp-block-image is-resized\"><img decoding=\"async\" src=\"https:\/\/abcmallorcastorage.blob.core.windows.net\/images\/2015\/05\/beauty-treatments-img02.jpg\" alt=\"null\" width=\"841\" height=\"416\" \/><\/figure>\n\n<p>Un numero de <strong>Estrellas de Hollywood<\/strong> He recurrido a este tratamiento para el cuidado de la piel porque <strong>da un &#039;lavado de cara instant\u00e1neo&#039;<\/strong> efecto sin procedimientos quir\u00fargicos costosos (y el tiempo de recuperaci\u00f3n relacionado). La ciencia detr\u00e1s de esta terapia cada vez m\u00e1s popular es que se aplican peque\u00f1os granos para pulir la superficie epid\u00e9rmica de la piel, conocida como estrato c\u00f3rneo, eliminando las c\u00e9lulas muertas y los residuos que dan como resultado una piel de aspecto opaco y con imperfecciones. Un poderoso <strong>tipo de exfoliaci\u00f3n<\/strong>Utilizando equipos sofisticados, el tratamiento no es invasivo y no da\u00f1a la capa inferior de la piel ni la dermis. Puede ser beneficioso para tratar las manchas de la edad, las cicatrices y los poros abiertos, y puede usarse en la cara, el pecho y las manos. La tecnolog\u00eda de microdermoabrasi\u00f3n original naci\u00f3 en los a\u00f1os 80 y se conoce como microdermoabrasi\u00f3n con cristales. <strong>La nueva microdermoabrasi\u00f3n con punta de diamante ya est\u00e1 disponible en Mallorca<\/strong>. El tratamiento se recomienda no m\u00e1s de una vez al mes y es mejor que lo realice alguien con mucha experiencia y la formaci\u00f3n adecuada, en un spa o cl\u00ednica especializada.<\/p>\n<hr class=\"wp-block-separator has-alpha-channel-opacity\" \/>\n<h2 class=\"wp-block-heading\">\u00a0<\/h2>\n<h2>Tratamientos faciales de limpieza profunda<\/h2>\n\n<figure class=\"wp-block-image is-resized\"><img decoding=\"async\" src=\"https:\/\/abcmallorcastorage.blob.core.windows.net\/images\/2015\/05\/beauty-tretments-img012.jpg\" alt=\"null\" width=\"840\" height=\"413\" \/><\/figure>\n\n<p><strong>Mejore los beneficios de un r\u00e9gimen de limpieza regular tratando su piel peri\u00f3dicamente con un tratamiento facial de limpieza profunda.<\/strong>, que puede estimular la producci\u00f3n de col\u00e1geno y elastina y dar como resultado una piel con una apariencia m\u00e1s juvenil. La limpieza profunda ayuda a eliminar las toxinas a las que estamos sometidos d\u00eda a d\u00eda y contrarresta los efectos del sol, el viento y los contaminantes del aire. Muchos spas y salones de belleza ofrecen varios tipos de tratamientos faciales y los tratamientos suelen durar alrededor de una hora. Adem\u00e1s de una limpieza profunda, tu tratamiento podr\u00eda incluir exfoliaci\u00f3n, extracci\u00f3n y mascarilla; algunos incluyen un masaje facial y del cuero cabelludo. Los tratamientos faciales de limpieza profunda pueden ayudar a los adolescentes con manchas y piel propensa al acn\u00e9 y un tratamiento de 30 minutos <strong>Facial para adolescentes se ofrece en <\/strong>Hotel Portixol (Palma) y Hotel Espl\u00e9ndido (Puerto S\u00f3ller). <strong>Existe una gran variedad de tipos y productos de limpieza facial profunda que se ofrecen en Mallorca.<\/strong>, con algunos de los mejores y m\u00e1s actualizados que se pueden encontrar en los spas de hoteles de 5 estrellas y en los salones de belleza m\u00e1s exclusivos de Palma.<\/p>\n<hr class=\"wp-block-separator has-alpha-channel-opacity\" \/>\n<h2 class=\"wp-block-heading\">\u00a0<\/h2>\n<h2>facial de oxigeno<\/h2>\n\n<figure class=\"wp-block-image is-resized\"><img loading=\"lazy\" decoding=\"async\" src=\"https:\/\/abcmallorcastorage.blob.core.windows.net\/images\/2015\/05\/beauty-treatments-img05.jpg\" alt=\"null\" width=\"840\" height=\"413\" \/><\/figure>\n\n<p><strong>Los tratamientos faciales con ox\u00edgeno se han vuelto populares entre quienes buscan el secreto de una piel de apariencia juvenil.<\/strong> \u2013 porque no implican inyecciones y son procedimientos no m\u00e9dicos que se ofrecen en spas y buenos salones de belleza. Los tratamientos faciales primero requieren la <strong>piel para limpiar y exfoliar<\/strong> antes de que el ox\u00edgeno, normalmente tratado con suplementos respetuosos con la piel, como vitaminas, se introduzca suavemente en los poros mediante un equipo especial. Es un tratamiento indoloro que oxigena la piel para ayudarla a conservar la firmeza y suavizar las l\u00edneas finas y las arrugas, ayuda a estimular la producci\u00f3n de nuevas c\u00e9lulas y col\u00e1geno y es adecuado incluso para personas con piel sensible. Aunque los tratamientos faciales con ox\u00edgeno dan como resultado una piel m\u00e1s joven con una apariencia m\u00e1s limpia y brillante, no reemplazan un programa de cuidado de la piel en casa dos veces al d\u00eda. El Spa Belmond La Residencia ofrece el altamente efectivo tratamiento facial Carboxi-Express de 25 minutos y <strong>Talise Spa en el <\/strong>Jumeirah Port Soller Hotel &amp; Spa cuenta como novedad de este a\u00f1o con un tratamiento de ox\u00edgeno de 90 minutos. En el otro extremo de la isla, el Sal\u00f3n B de Portals Nous ofrece un nuevo facial oxigenado, utilizando productos Thalgo a base de algas.<\/p>\n<hr class=\"wp-block-separator has-alpha-channel-opacity\" \/>\n<h2 class=\"wp-block-heading\">\u00a0<\/h2>\n<h2>Tratamientos faciales dise\u00f1ados para hombres<\/h2>\n\n<figure class=\"wp-block-image is-resized\"><img loading=\"lazy\" decoding=\"async\" src=\"https:\/\/abcmallorcastorage.blob.core.windows.net\/images\/2015\/05\/beauty-traetments-img08.jpg\" alt=\"null\" width=\"840\" height=\"405\" \/><\/figure>\n\n<p>El hombre metrosexual de hoy sabe que cuidar su cutis es tan importante como lo es para una mujer. <strong>Los hombres recurren cada vez m\u00e1s a tratamientos faciales profesionales<\/strong> para ayudar a su piel a afrontar los rigores de la vida diaria, como el afeitado y el estr\u00e9s. Para satisfacer sus necesidades, algunos spas y salones de Mallorca atienden a clientes masculinos, ofreci\u00e9ndoles tratamientos dise\u00f1ados espec\u00edficamente para ellos. Entre estos est\u00e1 <strong>Belmond La Residencia Spa<\/strong>, que ofrece el tratamiento facial Gents 02, utilizando <strong>Productos Natura Biss\u00e9<\/strong>, que incluye masaje en cuero cabelludo, cuello y hombros. En Palma de Mallorca, <strong>Carlos Mart\u00edn<\/strong> <strong>peluquer\u00eda<\/strong> (nos encanta el sill\u00f3n de barbero antiguo) ofrece una variedad de tratamientos faciales y otros tratamientos. El <strong>Cl\u00ednica Marigan y concepto de peluquer\u00eda y belleza<\/strong> \u2013 ambos en Palma \u2013 tambi\u00e9n dan la bienvenida a clientes masculinos. <strong>El Spa Brillo <\/strong>en el Sheraton Mallorca Arabella Golf Hotel tienta a los hombres con su facial org\u00e1nico; hay un tratamiento facial a base de romero para hombres en el <strong>Spa del Hotel Son Brull 5 estrellas<\/strong>, y el<strong> Spa Talise<\/strong> Ofrece un facial antiestr\u00e9s de una hora de duraci\u00f3n.<\/p>\n<hr class=\"wp-block-separator has-alpha-channel-opacity\" \/>\n<h2 class=\"wp-block-heading\">\u00a0<\/h2>\n<h2>Manicura pedicura<\/h2>\n\n<figure class=\"wp-block-image is-resized\"><img loading=\"lazy\" decoding=\"async\" src=\"https:\/\/abcmallorcastorage.blob.core.windows.net\/images\/2015\/05\/beauty-treatments-img09.jpg\" alt=\"null\" width=\"842\" height=\"448\" \/><\/figure>\n\n<p>Unas manos bien cuidadas forman parte de la primera impresi\u00f3n que damos cuando conocemos gente nueva, pero <strong>Una manicura o pedicura profesional es uno de los tratamientos de belleza m\u00e1s baratos y r\u00e1pidos disponibles.<\/strong>. Para un color impecable semipermanente, opte por CND Shellac u OPI Axxium Soak-off Gel Lacquer, que dan a las u\u00f1as un alto brillo durante dos semanas, sin astillas o con un m\u00ednimo de astillas. Estas lacas de secado r\u00e1pido no se descascarillan cuando las hurgas en tu bolso para pagar tu manicura, pero es necesario retirarlas profesionalmente en el sal\u00f3n.<\/p>\n\n<figure class=\"wp-block-image\"><a href=\"https:\/\/www.abc-mallorca.com\/jiana-beauty-center\/\"><img decoding=\"async\" src=\"https:\/\/abcmallorcastorage.blob.core.windows.net\/images\/2020\/10\/jiana-beauty-12.jpg\" alt=\"Centro de Belleza Jiana\" \/><\/a><\/figure>\n\n<h3 class=\"wp-block-heading\">\u00a0<\/h3>\n<h3>Centro de Belleza Jiana<\/h3>\n\n<p>Conf\u00eda en Diana Vasileva y su equipo en Jiana Beauty Center en Palmanova para conocer lo \u00faltimo en tratamientos para el cuidado de la piel.<\/p>\n\n<p><strong>Algunos spas y salones ofrecen lujo adicional a sus tratamientos de manicura y pedicura.<\/strong>, como una mascarilla hidratante, un masaje reconfortante o incluso un c\u00f3ctel fr\u00edo, cava o G&amp;T. Para ocasiones especiales, es posible que desee disfrutar de algo m\u00e1s elaborado (arte de u\u00f1as o adornos) que se ofrece en bares especializados en u\u00f1as. <strong>Incluso puedes reunirte con un grupo de amigos para una fiesta privada de mani\/pedi en The Nail Bar en Palma.<\/strong>. Ya sea que opte por una simple &quot;lima y pulimento&quot; o una de las manicuras o pedicuras m\u00e1s sofisticadas disponibles actualmente, saldr\u00e1 del sal\u00f3n o spa sinti\u00e9ndose arreglada a la perfecci\u00f3n.<\/p>\n\n<figure class=\"wp-block-image\"><a href=\"https:\/\/www.abc-mallorca.com\/nailing-look\/\"><img decoding=\"async\" src=\"https:\/\/abcmallorcastorage.blob.core.windows.net\/images\/2011\/10\/beauty-treatment-nails.jpg\" alt=\"Clavando la mirada\" \/><\/a><\/figure>\n\n<h3 class=\"wp-block-heading\">Clavando la mirada<\/h3>\n\n<p>Nuestras manos son sinceras cuando se trata de dar una primera impresi\u00f3n a alguien y las u\u00f1as y las manos perfectamente cuidadas se pueden lograr de manera f\u00e1cil y econ\u00f3mica.<\/p>\n<hr class=\"wp-block-separator has-alpha-channel-opacity\" \/>\n<h2 class=\"wp-block-heading\">\u00a0<\/h2>\n<h2>Peluquer\u00eda<\/h2>\n\n<figure class=\"wp-block-image is-resized\"><img loading=\"lazy\" decoding=\"async\" src=\"https:\/\/abcmallorcastorage.blob.core.windows.net\/images\/2015\/05\/beauty-treatments-10.jpg\" alt=\"null\" width=\"839\" height=\"406\" \/><\/figure>\n\n<p>Cuando se trata de peluquer\u00eda y cuidado del cabello, <strong>hay muchas opciones dondequiera que est\u00e9s en Mallorca<\/strong> \u2013 incluidos salones dirigidos por peluqueros talentosos que se han trasladado a la isla desde otras partes de Europa. <strong>Stefan Niedenzu<\/strong> ha peinado el cabello de varias celebridades para sesiones fotogr\u00e1ficas, de televisi\u00f3n y de cine, y tiene su sal\u00f3n de belleza en Palma, solo con cita previa. <strong>Udo Walz<\/strong> es otra peluquera alemana de renombre en la capital de Mallorca. Los peluqueros brit\u00e1nicos en la isla incluyen <strong>Peluquer\u00eda Ed\u00e9n<\/strong> en Santa Catalina, y <strong>Sal\u00f3n B<\/strong> en Portals Nous. <strong>Varios spas de hoteles de 5 estrellas tambi\u00e9n ofrecen servicios de peluquer\u00eda con cita previa<\/strong>. \u00bfAnhelas tener el cabello m\u00e1s largo? Las extensiones de cabello pueden ser la respuesta: echa un vistazo <strong>La Tienda de Extensi\u00f3n en Palma<\/strong>; Se espera que esta primavera se inaugure en S\u00f3ller un nuevo sal\u00f3n alem\u00e1n que ofrece extensiones de cabello. Si la ca\u00edda del cabello \u2013como resultado de la alopecia o de tratamientos m\u00e9dicos como la quimioterapia\u2013 te est\u00e1 afectando, o simplemente quieres un nuevo aspecto temporal,<strong> Mona Lisa<\/strong> en Palma ofrece una gran variedad de pelucas para mujeres y hombres en una variedad de colores y estilos. En S\u00f3ller, pr\u00f3xima nueva peluquer\u00eda <strong>Artista Calabruix<\/strong> Tambi\u00e9n vender\u00e1 pelucas.<\/p>\n<hr class=\"wp-block-separator has-alpha-channel-opacity\" \/>\n<h2 class=\"wp-block-heading\">\u00a0<\/h2>\n<h2>Peluqueros m\u00f3viles<\/h2>\n\n<figure class=\"wp-block-image is-resized\"><img loading=\"lazy\" decoding=\"async\" src=\"https:\/\/abcmallorcastorage.blob.core.windows.net\/images\/2015\/05\/beauty-treatments-img11.jpg\" alt=\"null\" width=\"840\" height=\"417\" \/><\/figure>\n\n<p><strong>Para ocasiones especiales como bodas, los servicios de una peluquer\u00eda m\u00f3vil son inestimables.<\/strong> \u2013 ahorrando tiempo y estr\u00e9s en el d\u00eda. Los preparativos de la fiesta nupcial son una parte importante y memorable de la gran ocasi\u00f3n y, al tener un estilista a mano, algunos recuerdos preciados pueden capturarse con la c\u00e1mara en el entorno que usted elija, en lugar de en un sal\u00f3n lleno de gente. Es muy divertido para la novia, las damas de honor y las madres de la pareja compartir este tiempo juntas, tomando una copa de champ\u00e1n. Los peluqueros m\u00f3viles llegan al lugar acordado con todo el equipamiento necesario y puedes negociar el tiempo que estar\u00e1n disponibles para los retoques de pelo que sean necesarios para las fotos oficiales. Especialmente para las novias, vale la pena concertar una cita con antelaci\u00f3n para discutir y probar el peinado deseado con cualquier tocado elegido, como un velo o una tiara.\u00a0<strong> Muchos estilistas de salones viajar\u00e1n para atender a los clientes en hoteles, hogares u otros lugares.<\/strong> pero tambi\u00e9n hay peluqueros m\u00f3viles en Mallorca que ofrecen un servicio profesional en el lugar que usted elija.<\/p>\n\n<figure class=\"wp-block-image\"><a href=\"https:\/\/www.abc-mallorca.com\/mallorca-wedding\/\"><img decoding=\"async\" src=\"https:\/\/abcmallorcastorage.blob.core.windows.net\/images\/2017\/01\/wedding-mallorca-01-1.jpg\" alt=\"Boda en Mallorca\" \/><\/a><\/figure>\n\n<h3 class=\"wp-block-heading\">Boda en Mallorca<\/h3>\n\n<p>Casarse en Mallorca \u2013 desde la planificaci\u00f3n de bodas hasta la organizaci\u00f3n de su propia boda \u2013 aqu\u00ed tiene su gu\u00eda completa para celebrar la boda de sus sue\u00f1os en Mallorca.<\/p>\n<hr class=\"wp-block-separator has-alpha-channel-opacity\" \/>\n<h2 class=\"wp-block-heading\">\u00a0<\/h2>\n<h2>Artistas del maquillaje<\/h2>\n\n<figure class=\"wp-block-image is-resized\"><img loading=\"lazy\" decoding=\"async\" src=\"https:\/\/abcmallorcastorage.blob.core.windows.net\/images\/2015\/05\/beauty-treatments-img17.jpg\" alt=\"null\" width=\"839\" height=\"418\" \/><\/figure>\n\n<p>Para aquellas ocasiones en las que todos los ojos (y las c\u00e1maras) est\u00e1n enfocados en nuestra direcci\u00f3n, vale la pena utilizar el <strong>Servicios de un maquillador profesional para ayudarte a presentar tu mejor cara al mundo.<\/strong>. Incluso si no es para una boda u otra ocasi\u00f3n especial, hacer que un profesional te maquille puede presentarte nuevas t\u00e9cnicas, productos y colores que quiz\u00e1s no hayas considerado antes, y abrirte los ojos a una nueva t\u00fa. \u00a1Es muy f\u00e1cil quedarse atrapado en la rutina del maquillaje! <strong>Encontrar\u00e1s maquilladores espa\u00f1oles e internacionales excelentes y con mucha experiencia basados en Mallorca.<\/strong>, con el talento de realzar la belleza natural y disimular cualquier imperfecci\u00f3n. Algunos de estos artistas tambi\u00e9n son peluqueros cualificados. <strong>Jennifer Jane<\/strong> (que gan\u00f3 el &#039;Premio al Experto en la Industria de Bodas&#039; del Reino Unido en 2014), <strong>M\u00f3nica Ramos<\/strong>, y <strong>monika hubert<\/strong> Todos han aportado su experiencia en anteriores sesiones fotogr\u00e1ficas de moda de abcMallorca. Algunos hoteles \u2013incluidos <strong>Belmond La Residencia en Dei\u00e0<\/strong> \u2013 ofrecer paquetes de boda, que incluyen maquillaje, peluquer\u00eda y manicura.<\/p>\n<hr class=\"wp-block-separator has-alpha-channel-opacity\" \/>\n<h2 class=\"wp-block-heading\">\u00a0<\/h2>\n<h2>Maquillaje permanente<\/h2>\n\n<figure class=\"wp-block-image is-resized\"><img loading=\"lazy\" decoding=\"async\" src=\"https:\/\/abcmallorcastorage.blob.core.windows.net\/images\/2015\/05\/beauty-treatments-img13.jpg\" alt=\"null\" width=\"838\" height=\"409\" \/><\/figure>\n\n<p>Si el proceso normal de envejecimiento o el tratamiento farmacol\u00f3gico (como la quimioterapia) ha provocado una p\u00e9rdida de definici\u00f3n de los rasgos faciales, el maquillaje permanente es una posible soluci\u00f3n. Tambi\u00e9n es la respuesta para quienes quieren lucir siempre maquilladas sin esfuerzo. <strong>El maquillaje permanente utiliza tatuajes para crear los efectos requeridos.<\/strong>, como labios m\u00e1s carnosos, l\u00edneas de ojos definidas o cejas bien formadas. Debido a que el tratamiento es permanente (aunque puede desaparecer con el tiempo) e invasivo, <strong>es vital elegir un especialista totalmente cualificado<\/strong> en este campo y, una vez hecho esto, concretar los resultados que se desean. <strong>El maquillaje permanente cada vez es m\u00e1s popular como tratamiento de belleza<\/strong>, pero todos hemos visto malos ejemplos, a menudo &quot;creados&quot; por personas con experiencia o conocimientos insuficientes. <strong>Grupo Mar\u00edn<\/strong> en Palma de Mallorca trabaja con la \u00faltima tecnolog\u00eda en micropigmentaci\u00f3n, de la empresa alemana Riso, que utiliza los \u00faltimos y mejores colores testados contra al\u00e9rgicos y libres de sustancias nocivas. La unidad Ri-soft liner Ultima es la tecnolog\u00eda patentada m\u00e1s nueva, equipada con un microsensor para gestionar y aplicar con precisi\u00f3n el color necesario para adaptarse a la piel del sujeto. Es exclusivo en Mallorca para Grupo Marin.<\/p>\n<hr class=\"wp-block-separator has-alpha-channel-opacity\" \/>\n<h2 class=\"wp-block-heading\">\u00a0<\/h2>\n<h2>Depilaci\u00f3n con cera y l\u00e1ser.<\/h2>\n\n<figure class=\"wp-block-image is-resized\"><img loading=\"lazy\" decoding=\"async\" src=\"https:\/\/abcmallorcastorage.blob.core.windows.net\/images\/2015\/05\/beauty-treatments-img14.jpg\" alt=\"null\" width=\"841\" height=\"406\" \/><\/figure>\n\n<p>El vello corporal y facial no deseado se puede eliminar de forma r\u00e1pida y casi sin dolor, y <strong>Muchos salones y cl\u00ednicas de est\u00e9tica en Mallorca ofrecen tratamientos para mujeres y hombres.<\/strong>. Evita el afeitado para disfrutar de una suavidad m\u00e1s duradera. La reconocida depilaci\u00f3n con cera de precisi\u00f3n Lycon, indolora, de Australia, es la elecci\u00f3n de depilaci\u00f3n de muchas celebridades. El nuevo crecimiento es m\u00e1s lento que con la depilaci\u00f3n convencional y el tratamiento es eficaz incluso en pelos muy cortos. <strong>La depilaci\u00f3n es uno de los procedimientos est\u00e9ticos basados en l\u00e1ser m\u00e1s populares en la actualidad.<\/strong>. Se necesita una serie de tratamientos para obtener los mejores resultados y, aunque no se garantiza una depilaci\u00f3n completa y permanente, los resultados son impresionantes. Funciona mediante el uso de breves pulsos de luz de longitudes de onda espec\u00edficas para penetrar la vaina del cabello hasta la ra\u00edz. Alejandrita, diodo e IPL (luz pulsada intensa) son los tipos utilizados para la depilaci\u00f3n y, aunque IPL no es un l\u00e1ser, es eficaz. Es importante elegir un sal\u00f3n o cl\u00ednica profesional para estos tratamientos, ya que no son adecuados para algunos tipos de piel y cabello.<\/p>\n<hr class=\"wp-block-separator has-alpha-channel-opacity\" \/>\n<h2 class=\"wp-block-heading\">\u00a0<\/h2>\n<h2>celulitis<\/h2>\n\n<figure class=\"wp-block-image is-resized\"><img loading=\"lazy\" decoding=\"async\" src=\"https:\/\/abcmallorcastorage.blob.core.windows.net\/images\/2015\/05\/beauty-treatments-img15.jpg\" alt=\"null\" width=\"839\" height=\"414\" \/><\/figure>\n\n<p>Es una condici\u00f3n que a\u00fan no se comprende ampliamente, pero que s\u00ed se reconoce ampliamente: una piel con hoyuelos y grumos, y a menudo llamada piel de naranja o piel de reques\u00f3n. M\u00e1s com\u00fan en mujeres debido a su tipo de piel y tejido conectivo, y a la influencia hormonal, se encuentra con mayor frecuencia en los muslos y las nalgas.<strong> Para evitar la celulitis, los expertos recomiendan una dieta saludable rica en frutas, verduras y fibra<\/strong>. Tambi\u00e9n se cree que ayuda el ejercicio regular, mantener un peso saludable y evitar el estr\u00e9s tanto como sea posible. Evitar el\u00e1sticos ajustados en la ropa interior tambi\u00e9n puede ayudar. Si la celulitis ya se ha apoderado de ti y apenas te atreves a desnudarte en la playa, <strong>Hay varios tratamientos no quir\u00fargicos disponibles en Mallorca que pueden ayudar a reducir la apariencia de la afecci\u00f3n.<\/strong>. <strong>mySkin en Bendinat<\/strong> ofrece mesoterapia y microagujas: dos tratamientos diferentes dirigidos a la celulitis. <strong>Tratamiento Guinot Technispa de Belmond La Residencia Spa<\/strong> Utiliza una m\u00e1quina corporal exclusiva para reafirmar y tonificar el cuerpo mediante la escultura lipodermal. En <strong>Cl\u00ednica del Dr. Morano en Palma<\/strong>, Se dice que la terapia de radiofrecuencia Accent es segura, eficaz y con resultados duraderos. En Inca,<strong> Medisan<\/strong> Tambi\u00e9n ofrece tratamiento de celulitis.<\/p>\n\n<figure class=\"wp-block-image\"><a href=\"https:\/\/www.abc-mallorca.com\/doctor-morano-clinic\/\"><img decoding=\"async\" src=\"https:\/\/abcmallorcastorage.blob.core.windows.net\/images\/2014\/08\/morano-04.jpg\" alt=\"Logra la mejor versi\u00f3n de ti mismo en Doctor Morano\" \/><\/a><\/figure>\n\n<h3 class=\"wp-block-heading\">Logra la mejor versi\u00f3n de ti mismo en Doctor Morano<\/h3>\n\n<p>Cuidar nuestra piel y nuestro cuerpo es una de nuestras m\u00e1ximas prioridades. \u00a1En esta moderna cl\u00ednica en Palma encontrar\u00e1s la mejor atenci\u00f3n posible!<\/p>\n<hr class=\"wp-block-separator has-alpha-channel-opacity\" \/>\n<h2 class=\"wp-block-heading\">\u00a0<\/h2>\n<h2>Procedimientos est\u00e9ticos no quir\u00fargicos.<\/h2>\n\n<figure class=\"wp-block-image is-resized\"><img loading=\"lazy\" decoding=\"async\" src=\"https:\/\/abcmallorcastorage.blob.core.windows.net\/images\/2017\/02\/non-surgical-remedies-img1.jpg\" alt=\"\" width=\"840\" height=\"462\" \/><\/figure>\n\n<p>Los signos de envejecimiento, como l\u00edneas, surcos y p\u00e9rdida de elasticidad, pueden combatirse m\u00e1s intensamente con inyectables ampliamente reconocidos, como <strong>b\u00f3tox<\/strong>, <strong>rellenos d\u00e9rmicos<\/strong> y facial enriquecido con vitaminas <strong>mesoterapia<\/strong>. No hace falta decir que es de vital importancia investigar y confiar s\u00f3lo en un profesional altamente calificado y experimentado si est\u00e1 considerando un procedimiento de esta naturaleza. La Dra. Estrella Fern\u00e1ndez es una cirujana est\u00e9tica muy respetada que ofrece una variedad de tratamientos no quir\u00fargicos en su cl\u00ednica de Palma.<\/p>\n\n<figure class=\"wp-block-image\"><a href=\"https:\/\/www.abc-mallorca.com\/doctor-estrella-fernandez-eye-clinic\/\"><img decoding=\"async\" src=\"https:\/\/abcmallorcastorage.blob.core.windows.net\/images\/2016\/11\/dra-estrella-fernandez-20.jpg\" alt=\"Dra. Estrella Fern\u00e1ndez\" \/><\/a><\/figure>\n\n<h3 class=\"wp-block-heading\">Dra. Estrella Fern\u00e1ndez<\/h3>\n\n<p>Fundada por la Dra. Estrella Fern\u00e1ndez, reconocida m\u00e9dica en el campo de la oftalmolog\u00eda, se especializa en oculopl\u00e1stica, est\u00e9tica y rejuvenecimiento facial.<\/p>\n\n<p>Adem\u00e1s, el muy apreciado\u00a0<strong>Clinica Juaneda<\/strong> cuenta con un equipo especializado de profesionales m\u00e9dicos que asesoran y realizan tratamientos antienvejecimiento avanzados, que incluyen Botox, rellenos y mesoterapia. Ambas cl\u00ednicas tambi\u00e9n ofrecen <strong>l\u00e1ser<\/strong> y <strong>peladura<\/strong> procedimientos, cada vez m\u00e1s populares entre clientes masculinos y femeninos que est\u00e1n preocupados por los efectos de la exposici\u00f3n prolongada al sol.<\/p>\n<hr class=\"wp-block-separator has-alpha-channel-opacity\" \/>\n<h2 class=\"wp-block-heading\">\u00a0<\/h2>\n<h2>Cosm\u00e9ticos de Mallorca<\/h2>\n\n<figure class=\"wp-block-image is-resized\"><img loading=\"lazy\" decoding=\"async\" src=\"https:\/\/abcmallorcastorage.blob.core.windows.net\/images\/2015\/05\/beauty-treatments-img16.jpg\" alt=\"null\" width=\"840\" height=\"413\" \/><\/figure>\n\n<p>Si te importa lo que te pones en la piel y te preocupan los ingredientes qu\u00edmicos utilizados en muchos productos cosm\u00e9ticos y de belleza, no busques m\u00e1s all\u00e1 de Mallorca para tu pr\u00f3xima compra de productos de belleza. La isla alberga varios fabricantes de kinder, pero <strong>Productos cosm\u00e9ticos y de belleza eficaces, elaborados con ingredientes naturales cultivados en Mallorca.<\/strong>. \u00c9stos son algunos de los favoritos: <strong>Cosm\u00e9tica Natural Gaia<\/strong>, fundada por Trudi Murray, ofrece productos artesanales para toda la familia, elaborados a partir de ingredientes puros y naturales y org\u00e1nicos recolectados de su tierra. No est\u00e1n adulterados con productos qu\u00edmicos y vienen en envases ecol\u00f3gicos. <strong>Bella de Claret<\/strong> (Castell Son Claret) utiliza productos Gaia. <strong>Cosm\u00e9tica Ecol\u00f3gica<\/strong> fue fundada por Linda Nicolau en 1993 y ofrece productos fabricados (y envasados) eficaces y sostenibles elaborados con ingredientes naturales de alta calidad. <strong>Libre de parabenos y colorantes artificiales.<\/strong>, los productos se utilizan en spas de hoteles \u2013incluido el U Spa by Barcel\u00f3\u2013 de toda Espa\u00f1a. <strong>Piensa en Cosm\u00e9tica en Pollen\u00e7a<\/strong> produce una gama utilizando extractos e ingredientes naturales de Mallorca, para beneficiar la piel y el cabello. Varios hoteles, incluidos <strong>Son Brull<\/strong> \u2013 en Mallorca utilice Think Cosmetic para los art\u00edculos de tocador para hu\u00e9spedes.<\/p>\n\t\t\t\t\t\t\t\t<\/div>\n\t\t\t\t<\/div>\n\t\t\t\t\t<\/div>\n\t\t<\/div>\n\t\t\t\t\t<\/div>\n\t\t<\/section>\n\t\t\t\t<\/div>","protected":false},"excerpt":{"rendered":"<p>Nail Salon, Eyeleash and Extensions We all feel better when we look our best and, on Mallorca, you\u2019ll find many professional services to help you enhance your natural beauty, and [&hellip;]<\/p>\n","protected":false},"author":1,"featured_media":0,"parent":4651,"menu_order":0,"comment_status":"closed","ping_status":"closed","template":"","meta":{"source_url":"","source_name":"","published_at":"","ai_reason":"","_monsterinsights_skip_tracking":false,"_monsterinsights_sitenote_active":false,"_monsterinsights_sitenote_note":"","_monsterinsights_sitenote_category":0,"_price":"","_stock":"","_tribe_ticket_header":"","_tribe_default_ticket_provider":"","_tribe_ticket_capacity":"0","_ticket_start_date":"","_ticket_end_date":"","_tribe_ticket_show_description":"","_tribe_ticket_show_not_going":false,"_tribe_ticket_use_global_stock":"","_tribe_ticket_global_stock_level":"","_global_stock_mode":"","_global_stock_cap":"","_tribe_rsvp_for_event":"","_tribe_ticket_going_count":"","_tribe_ticket_not_going_count":"","_tribe_tickets_list":"[]","_tribe_ticket_has_attendee_info_fields":false,"footnotes":"","_tec_slr_enabled":"","_tec_slr_layout":""},"class_list":["post-4684","page","type-page","status-publish","has-post-thumbnail","hentry"],"aioseo_notices":[],"ticketed":false,"_links":{"self":[{"href":"https:\/\/www.calviabeach.com\/es\/wp-json\/wp\/v2\/pages\/4684","targetHints":{"allow":["GET"]}}],"collection":[{"href":"https:\/\/www.calviabeach.com\/es\/wp-json\/wp\/v2\/pages"}],"about":[{"href":"https:\/\/www.calviabeach.com\/es\/wp-json\/wp\/v2\/types\/page"}],"author":[{"embeddable":true,"href":"https:\/\/www.calviabeach.com\/es\/wp-json\/wp\/v2\/users\/1"}],"replies":[{"embeddable":true,"href":"https:\/\/www.calviabeach.com\/es\/wp-json\/wp\/v2\/comments?post=4684"}],"version-history":[{"count":0,"href":"https:\/\/www.calviabeach.com\/es\/wp-json\/wp\/v2\/pages\/4684\/revisions"}],"up":[{"embeddable":true,"href":"https:\/\/www.calviabeach.com\/es\/wp-json\/wp\/v2\/pages\/4651"}],"wp:attachment":[{"href":"https:\/\/www.calviabeach.com\/es\/wp-json\/wp\/v2\/media?parent=4684"}],"curies":[{"name":"wp","href":"https:\/\/api.w.org\/{rel}","templated":true}]}}