{"id":4684,"date":"2022-02-20T16:50:37","date_gmt":"2022-02-20T16:50:37","guid":{"rendered":"https:\/\/www.calviabeach.com\/?page_id=4684"},"modified":"2024-11-25T22:04:28","modified_gmt":"2024-11-26T06:04:28","slug":"nail-salon-eyeleash-and-extensions","status":"publish","type":"page","link":"https:\/\/www.calviabeach.com\/de\/spa-beauty-and-wellness\/nail-salon-eyeleash-and-extensions\/","title":{"rendered":"Nagelstudio, Wimpern und Extensions"},"content":{"rendered":"<div data-elementor-type=\"wp-page\" data-elementor-id=\"4684\" class=\"elementor elementor-4684\" data-elementor-post-type=\"page\">\n\t\t\t\t\t\t<section class=\"elementor-section elementor-top-section elementor-element elementor-element-74ff698 elementor-section-boxed elementor-section-height-default elementor-section-height-default\" data-id=\"74ff698\" data-element_type=\"section\" data-e-type=\"section\" data-settings=\"{&quot;wdt_bg_image&quot;:{&quot;url&quot;:&quot;&quot;,&quot;id&quot;:&quot;&quot;,&quot;size&quot;:&quot;&quot;},&quot;wdt_bg_image_widescreen&quot;:{&quot;url&quot;:&quot;&quot;,&quot;id&quot;:&quot;&quot;,&quot;size&quot;:&quot;&quot;},&quot;wdt_bg_image_laptop&quot;:{&quot;url&quot;:&quot;&quot;,&quot;id&quot;:&quot;&quot;,&quot;size&quot;:&quot;&quot;},&quot;wdt_bg_image_tablet_extra&quot;:{&quot;url&quot;:&quot;&quot;,&quot;id&quot;:&quot;&quot;,&quot;size&quot;:&quot;&quot;},&quot;wdt_bg_image_tablet&quot;:{&quot;url&quot;:&quot;&quot;,&quot;id&quot;:&quot;&quot;,&quot;size&quot;:&quot;&quot;},&quot;wdt_bg_image_mobile_extra&quot;:{&quot;url&quot;:&quot;&quot;,&quot;id&quot;:&quot;&quot;,&quot;size&quot;:&quot;&quot;},&quot;wdt_bg_image_mobile&quot;:{&quot;url&quot;:&quot;&quot;,&quot;id&quot;:&quot;&quot;,&quot;size&quot;:&quot;&quot;},&quot;wdt_bg_position&quot;:&quot;center center&quot;,&quot;wdt_animation_effect&quot;:&quot;none&quot;}\">\n\t\t\t\t\t\t<div class=\"elementor-container elementor-column-gap-default\">\n\t\t\t\t\t<div class=\"elementor-column elementor-col-100 elementor-top-column elementor-element elementor-element-7f6879be\" data-id=\"7f6879be\" data-element_type=\"column\" data-e-type=\"column\">\n\t\t\t<div class=\"elementor-widget-wrap elementor-element-populated\">\n\t\t\t\t\t\t<div class=\"elementor-element elementor-element-518ac96f elementor-widget elementor-widget-text-editor\" data-id=\"518ac96f\" data-element_type=\"widget\" data-e-type=\"widget\" data-settings=\"{&quot;wdt_animation_effect&quot;:&quot;none&quot;}\" data-widget_type=\"text-editor.default\">\n\t\t\t\t<div class=\"elementor-widget-container\">\n\t\t\t\t\t\t\t\t\t\n<h1>Nagelstudio, Wimpern und Extensions<\/h1>\n<p><em>Wir alle f\u00fchlen uns besser, wenn wir gut aussehen und auf Mallorca finden Sie viele professionelle Dienstleistungen, die Ihnen dabei helfen, Ihr <strong>nat\u00fcrliche Sch\u00f6nheit<\/strong>, und begegnen Sie der Welt perfekt gepflegt.<\/em><\/p>\n<hr class=\"wp-block-separator has-alpha-channel-opacity\" \/>\n<h2 class=\"wp-block-heading\">\u00a0<\/h2>\n<h2>Luxuri\u00f6se Spa-Gesichtsbehandlungen<\/h2>\n\n<figure class=\"wp-block-image is-resized\"><img fetchpriority=\"high\" decoding=\"async\" src=\"https:\/\/abcmallorcastorage.blob.core.windows.net\/images\/2015\/05\/beauty-treatments-img03.jpg\" alt=\"null\" width=\"841\" height=\"418\" \/><\/figure>\n\n<p>Die Vielfalt an professionellen Gesichtsbehandlungen ist heutzutage fast \u00fcberw\u00e4ltigend, und wir haben auf Mallorca die Qual der Wahl, wenn es um Gesichtsbehandlungen im Luxussegment geht. Hier sind nur einige, um Sie zu verf\u00fchren: Purohotel Spa verwendet <strong>Seaskin Produkte<\/strong> \u2013 eine Marke, die \u00d6ko-Luxus und Kosmetik verbindet. Ihre <strong>Seaskin Detox-Gesichtsbehandlung<\/strong> ist eine tiefenreinigende und kl\u00e4rende Behandlung <strong>mit biologischen Produkten<\/strong>. Das Spitzenangebot des Son Brull Spa <strong>Ganzheitliche Gesichtsbehandlung<\/strong> kombiniert Aromatherapie-Gesichtspflege mit einer Akupressur-Kopf- und Gesichtsmassage. Die Behandlung beinhaltet eine pflegende Gesichtsmaske mit Leinsamen und Buchweizen. Neunzig Minuten pures Vergn\u00fcgen \u2026 Die japanische Massage ist ein Teil der Ko Bi Do Precious Youthful Face Care Massage im Spa Bodyna Maricel, einer <strong>Anti-Aging-Behandlung<\/strong> das den Effekt eines nat\u00fcrlichen Facelifts hat und die Ausstrahlung und Festigkeit der Haut verbessert.<\/p>\n<hr class=\"wp-block-separator has-alpha-channel-opacity\" \/>\n<h2 class=\"wp-block-heading\">\u00a0<\/h2>\n<h2>Mikrodermabrasion f\u00fcrs Gesicht<\/h2>\n\n<figure class=\"wp-block-image is-resized\"><img decoding=\"async\" src=\"https:\/\/abcmallorcastorage.blob.core.windows.net\/images\/2015\/05\/beauty-treatments-img02.jpg\" alt=\"null\" width=\"841\" height=\"416\" \/><\/figure>\n\n<p>Eine Anzahl von <strong>Prominente aus Hollywood<\/strong> habe mich dieser Hautpflegebehandlung zugewandt, weil <strong>es sorgt f\u00fcr ein \u201esofortiges Facelift\u201c<\/strong> Wirkung ohne teure chirurgische Eingriffe (und die damit verbundene Genesungszeit). Die Wissenschaft hinter dieser zunehmend beliebten Therapie besteht darin, dass winzige K\u00f6rner aufgetragen werden, um die Epidermisoberfl\u00e4che der Haut \u2013 bekannt als Stratum corneum \u2013 zu polieren und abgestorbene Hautzellen und Ablagerungen zu entfernen, die zu stumpf aussehender Haut und Hautunreinheiten f\u00fchren. Ein leistungsstarkes <strong>Art des Peelings<\/strong>, die Behandlung erfolgt mit hochentwickelten Ger\u00e4ten, ist nicht invasiv und sch\u00e4digt die untere Hautschicht, die Dermis, nicht. Sie kann bei der Behandlung von Altersflecken, Narben und offenen Poren hilfreich sein und kann im Gesicht, auf der Brust und an den H\u00e4nden angewendet werden. Die urspr\u00fcngliche Mikrodermabrasionstechnologie entstand in den 80er Jahren und war als Kristall-Mikrodermabrasion bekannt. <strong>Die neuere Diamant-Mikrodermabrasion ist jetzt auch auf Mallorca erh\u00e4ltlich<\/strong>. Die Behandlung wird nicht \u00f6fter als einmal im Monat empfohlen und sollte am besten von jemandem mit viel Erfahrung und entsprechender Ausbildung in einem spezialisierten Spa oder einer Klinik durchgef\u00fchrt werden.<\/p>\n<hr class=\"wp-block-separator has-alpha-channel-opacity\" \/>\n<h2 class=\"wp-block-heading\">\u00a0<\/h2>\n<h2>Tiefenreinigende Gesichtsbehandlungen<\/h2>\n\n<figure class=\"wp-block-image is-resized\"><img decoding=\"async\" src=\"https:\/\/abcmallorcastorage.blob.core.windows.net\/images\/2015\/05\/beauty-tretments-img012.jpg\" alt=\"null\" width=\"840\" height=\"413\" \/><\/figure>\n\n<p><strong>Verbessern Sie die Vorteile einer regelm\u00e4\u00dfigen Reinigungsroutine, indem Sie Ihrer Haut regelm\u00e4\u00dfig eine tiefenreinigende Gesichtsbehandlung g\u00f6nnen.<\/strong>, was die Produktion von Kollagen und Elastin anregen und der Haut ein jugendlicheres Aussehen verleihen kann. Eine Tiefenreinigung hilft, die Giftstoffe zu entfernen, denen wir tagt\u00e4glich ausgesetzt sind, und wirkt den Auswirkungen von Sonne, Wind und Luftschadstoffen entgegen. Viele Spas und Sch\u00f6nheitssalons bieten verschiedene Arten von Gesichtsbehandlungen an, und die Behandlungen dauern normalerweise etwa eine Stunde. Neben einer Tiefenreinigung kann Ihre Behandlung auch ein Peeling, eine Extraktion und eine Maske umfassen; einige beinhalten eine Gesichts- und Kopfmassage. Tiefenreinigende Gesichtsbehandlungen k\u00f6nnen Teenagern mit Pickeln und zu Akne neigender Haut helfen, und eine 30-min\u00fctige <strong>Teen Facial gibt es bei <\/strong>Portixol Hotel (Palma) und Espl\u00e9ndido Hotel (Puerto S\u00f3ller). <strong>Auf Mallorca gibt es eine gro\u00dfe Auswahl an tiefenreinigenden Gesichtsbehandlungen und Produkten<\/strong>, wobei einige der besten und modernsten in den Spas der 5-Sterne-Hotels und den gehobeneren Sch\u00f6nheitssalons in Palma zu finden sind.<\/p>\n<hr class=\"wp-block-separator has-alpha-channel-opacity\" \/>\n<h2 class=\"wp-block-heading\">\u00a0<\/h2>\n<h2>Sauerstoff-Gesichtsbehandlung<\/h2>\n\n<figure class=\"wp-block-image is-resized\"><img loading=\"lazy\" decoding=\"async\" src=\"https:\/\/abcmallorcastorage.blob.core.windows.net\/images\/2015\/05\/beauty-treatments-img05.jpg\" alt=\"null\" width=\"840\" height=\"413\" \/><\/figure>\n\n<p><strong>Sauerstoff-Gesichtsbehandlungen sind bei denen beliebt geworden, die das Geheimnis jugendlich aussehender Haut suchen<\/strong> \u2013 weil es sich dabei nicht um Injektionen handelt und es sich um nicht-medizinische Behandlungen handelt, die in Spas und guten Sch\u00f6nheitssalons angeboten werden. Die Gesichtsbehandlungen erfordern zun\u00e4chst die <strong>Haut muss gereinigt und gepeelt werden<\/strong> bevor Sauerstoff \u2013 normalerweise mit hautfreundlichen Erg\u00e4nzungsmitteln wie Vitaminen versetzt \u2013 mithilfe eines speziellen Ger\u00e4ts sanft in die Poren eingebracht wird. Es handelt sich um eine schmerzfreie Behandlung, die die Haut mit Sauerstoff versorgt, um ihr zu helfen, ihre Festigkeit zu bewahren und feine Linien und F\u00e4ltchen zu gl\u00e4tten. Sie f\u00f6rdert die Produktion neuer Zellen und Kollagen und ist sogar f\u00fcr Menschen mit empfindlicher Haut geeignet. Obwohl Sauerstoff-Gesichtsbehandlungen zu j\u00fcnger aussehender Haut mit einem reineren, strahlenderen Aussehen f\u00fchren, sind sie kein Ersatz f\u00fcr eine zweimal t\u00e4gliche Hautpflege zu Hause. Das Belmond La Residencia Spa bietet die hochwirksame 25-min\u00fctige Carboxi-Express-Gesichtsbehandlung an und <strong>Talise Spa im <\/strong>Das Jumeirah Port Soller Hotel &amp; Spa bietet dieses Jahr erstmals eine 90-min\u00fctige Sauerstoffbehandlung an. Am anderen Ende der Insel bietet Salon B in Portals Nous eine neue Sauerstoff-Gesichtsbehandlung mit Thalgo-Produkten auf Algenbasis an.<\/p>\n<hr class=\"wp-block-separator has-alpha-channel-opacity\" \/>\n<h2 class=\"wp-block-heading\">\u00a0<\/h2>\n<h2>Gesichtsbehandlungen speziell f\u00fcr M\u00e4nner<\/h2>\n\n<figure class=\"wp-block-image is-resized\"><img loading=\"lazy\" decoding=\"async\" src=\"https:\/\/abcmallorcastorage.blob.core.windows.net\/images\/2015\/05\/beauty-traetments-img08.jpg\" alt=\"null\" width=\"840\" height=\"405\" \/><\/figure>\n\n<p>Der metrosexuelle Mann von heute wei\u00df, dass die Pflege seines Teints genauso wichtig ist wie f\u00fcr eine Frau. <strong>Immer mehr M\u00e4nner greifen zu professionellen Gesichtsbehandlungen<\/strong> um ihrer Haut zu helfen, mit den Strapazen des t\u00e4glichen Lebens fertig zu werden \u2013 wie Rasieren und Stress. Um ihren Bed\u00fcrfnissen gerecht zu werden, haben sich einige Spas und Salons auf Mallorca auf m\u00e4nnliche Kunden eingestellt und bieten speziell auf sie zugeschnittene Behandlungen an. Dazu geh\u00f6rt <strong>Belmond La Residencia Spa<\/strong>, die das Gents 02 Facial anbietet, mit <strong>Natura Biss\u00e9 Produkte<\/strong>, die eine Kopf-, Nacken- und Schultermassage beinhaltet. In Palma de Mallorca, <strong>Carlos Martins<\/strong> <strong>Friseurladen<\/strong> (wir lieben den altmodischen Friseurstuhl) bietet eine Auswahl an Gesichtsbehandlungen und anderen Behandlungen. Die <strong>Marigan Clinic und Hair &amp; Beauty Concept<\/strong> \u2013 beide in Palma \u2013 hei\u00dfen auch m\u00e4nnliche Kunden willkommen. <strong>Das Shine Spa <\/strong>im Sheraton Mallorca Arabella Golf Hotel lockt M\u00e4nner mit einer Bio-Gesichtsbehandlung; eine Gesichtsbehandlung auf Rosmarinbasis f\u00fcr M\u00e4nner gibt es im <strong>Spa des 5-Sterne-Hotels Son Brull<\/strong>, und das<strong> Talise Spa<\/strong> bietet eine einst\u00fcndige Anti-Stress-Gesichtsbehandlung an.<\/p>\n<hr class=\"wp-block-separator has-alpha-channel-opacity\" \/>\n<h2 class=\"wp-block-heading\">\u00a0<\/h2>\n<h2>Manik\u00fcre Pedik\u00fcre<\/h2>\n\n<figure class=\"wp-block-image is-resized\"><img loading=\"lazy\" decoding=\"async\" src=\"https:\/\/abcmallorcastorage.blob.core.windows.net\/images\/2015\/05\/beauty-treatments-img09.jpg\" alt=\"null\" width=\"842\" height=\"448\" \/><\/figure>\n\n<p>Gepflegte H\u00e4nde sind Teil des ersten Eindrucks, den wir hinterlassen, wenn wir neue Leute treffen. <strong>Eine professionelle Manik\u00fcre oder Pedik\u00fcre ist eine der kosteng\u00fcnstigsten und schnellsten Sch\u00f6nheitsbehandlungen \u00fcberhaupt<\/strong>. F\u00fcr semipermanente, makellose Farbe entscheiden Sie sich f\u00fcr CND Shellac oder OPI Axxium Soak-off Gel Lacquer, die Ihren N\u00e4geln zwei Wochen lang einen Hochglanz verleihen, ohne oder nur minimal abzusplittern. Diese schnelltrocknenden Lacke splittern nicht ab, wenn Sie in Ihre Handtasche greifen, um Ihre Manik\u00fcre zu bezahlen \u2013 m\u00fcssen aber im Salon professionell entfernt werden.<\/p>\n\n<figure class=\"wp-block-image\"><a href=\"https:\/\/www.abc-mallorca.com\/jiana-beauty-center\/\"><img decoding=\"async\" src=\"https:\/\/abcmallorcastorage.blob.core.windows.net\/images\/2020\/10\/jiana-beauty-12.jpg\" alt=\"Sch\u00f6nheitszentrum Jiana\" \/><\/a><\/figure>\n\n<h3 class=\"wp-block-heading\">\u00a0<\/h3>\n<h3>Sch\u00f6nheitszentrum Jiana<\/h3>\n\n<p>Vertrauen Sie f\u00fcr die neuesten Hautpflegebehandlungen Diana Vasileva und ihr Team im Jiana Beauty Center in Palmanova.<\/p>\n\n<p><strong>Einige Spas und Salons bieten zus\u00e4tzlichen Luxus bei ihren Mani-\/Pedik\u00fcre-Behandlungen<\/strong>, wie eine Feuchtigkeitsmaske, eine verw\u00f6hnende Massage oder sogar ein gek\u00fchlter Cocktail, Cava oder G&amp;T! F\u00fcr besondere Anl\u00e4sse m\u00f6chten Sie sich vielleicht etwas Aufw\u00e4ndigeres g\u00f6nnen \u2013 Nagelkunst oder Verzierungen \u2013, das in spezialisierten Nagelstudios angeboten wird. <strong>Sie k\u00f6nnen sich sogar mit einer Gruppe von Freunden zu einer privaten Manik\u00fcre-\/Pedik\u00fcre-Party in der Nail Bar in Palma treffen.<\/strong>. Egal, ob Sie sich f\u00fcr ein einfaches \u201eFeilen und Polieren\u201c oder eine der anspruchsvolleren Manik\u00fcren oder Pedik\u00fcren entscheiden, die jetzt verf\u00fcgbar sind, Sie werden den Salon oder das Spa mit dem Gef\u00fchl verlassen, perfekt gepflegt zu sein.<\/p>\n\n<figure class=\"wp-block-image\"><a href=\"https:\/\/www.abc-mallorca.com\/nailing-look\/\"><img decoding=\"async\" src=\"https:\/\/abcmallorcastorage.blob.core.windows.net\/images\/2011\/10\/beauty-treatment-nails.jpg\" alt=\"Den Look perfektionieren\" \/><\/a><\/figure>\n\n<h3 class=\"wp-block-heading\">Den Look perfektionieren<\/h3>\n\n<p>Wenn es darum geht, bei jemandem den ersten Eindruck zu hinterlassen, stehen unsere H\u00e4nde im Vordergrund und perfekt gepflegte N\u00e4gel und H\u00e4nde sind einfach und kosteng\u00fcnstig zu erreichen.<\/p>\n<hr class=\"wp-block-separator has-alpha-channel-opacity\" \/>\n<h2 class=\"wp-block-heading\">\u00a0<\/h2>\n<h2>Friseure<\/h2>\n\n<figure class=\"wp-block-image is-resized\"><img loading=\"lazy\" decoding=\"async\" src=\"https:\/\/abcmallorcastorage.blob.core.windows.net\/images\/2015\/05\/beauty-treatments-10.jpg\" alt=\"null\" width=\"839\" height=\"406\" \/><\/figure>\n\n<p>Wenn es um Friseur und Haarpflege geht, <strong>Es gibt eine gro\u00dfe Auswahl, egal wo auf Mallorca Sie sich befinden<\/strong> \u2013 darunter Salons talentierter Friseure, die aus anderen Teilen Europas auf die Insel gezogen sind. <strong>Stefan Niedenzu<\/strong> hat die Haare einer Reihe von Prominenten f\u00fcr Foto-, Fernseh- und Filmaufnahmen gestylt und betreibt seinen Salon in Palma, in dem nur nach Terminvereinbarung gearbeitet wird. <strong>Udo Walz<\/strong> ist ein weiterer renommierter deutscher Friseur in Mallorcas Hauptstadt. Zu den britischen Friseuren auf der Insel geh\u00f6ren <strong>Friseursalon Eden<\/strong> in Santa Catalina und <strong>Salon B<\/strong> in Portals Nous. <strong>Mehrere 5-Sterne-Hotel-Spas bieten auch Friseurdienstleistungen nach Vereinbarung an<\/strong>. Sie w\u00fcnschen sich l\u00e4ngeres Haar? Haarverl\u00e4ngerungen k\u00f6nnen die Antwort sein: Schauen Sie sich <strong>Der Extension Shop in Palma<\/strong>; ein neuer deutscher Salon, der Haarverl\u00e4ngerungen anbietet, soll diesen Fr\u00fchling in S\u00f3ller er\u00f6ffnet werden. Wenn Sie unter Haarausfall \u2013 als Folge von Alopezie oder medizinischen Behandlungen wie Chemotherapie \u2013 leiden oder einfach nur einen neuen tempor\u00e4ren Look haben m\u00f6chten,<strong> Monna Lisa<\/strong> in Palma bietet eine gro\u00dfe Auswahl an Damen- und Herrenper\u00fccken in verschiedenen Farben und Stilen. In S\u00f3ller entsteht ein neuer Friseursalon <strong>K\u00fcnstler Calabruix<\/strong> wird auch Per\u00fccken verkaufen.<\/p>\n<hr class=\"wp-block-separator has-alpha-channel-opacity\" \/>\n<h2 class=\"wp-block-heading\">\u00a0<\/h2>\n<h2>Mobile Friseure<\/h2>\n\n<figure class=\"wp-block-image is-resized\"><img loading=\"lazy\" decoding=\"async\" src=\"https:\/\/abcmallorcastorage.blob.core.windows.net\/images\/2015\/05\/beauty-treatments-img11.jpg\" alt=\"null\" width=\"840\" height=\"417\" \/><\/figure>\n\n<p><strong>F\u00fcr besondere Anl\u00e4sse wie Hochzeiten sind die Dienste eines mobilen Friseurs von unsch\u00e4tzbarem Wert<\/strong> \u2013 das spart Zeit und Stress am Tag selbst. Die Vorbereitungen der Brautgesellschaft sind ein wichtiger und unvergesslicher Teil des gro\u00dfen Anlasses und mit einem Friseur vor Ort k\u00f6nnen einige wertvolle Erinnerungen in der Umgebung Ihrer Wahl auf der Kamera festgehalten werden \u2013 anstatt in einem \u00fcberf\u00fcllten Salon. Es macht der Braut, den Brautjungfern und den M\u00fcttern des Paares gro\u00dfen Spa\u00df, diese Zeit bei einem Glas Champagner miteinander zu verbringen. Mobile Friseure kommen mit der gesamten Ausr\u00fcstung, die sie brauchen, zum vereinbarten Ort und Sie k\u00f6nnen aushandeln, wie lange sie f\u00fcr eventuelle Haarkorrekturen zur Verf\u00fcgung stehen, die f\u00fcr die offiziellen Fotos notwendig sein k\u00f6nnten. Insbesondere f\u00fcr Br\u00e4ute lohnt es sich, im Voraus einen Termin zu vereinbaren, um die gew\u00fcnschte Frisur mit der gew\u00fcnschten Kopfbedeckung, wie Schleier oder Tiara, zu besprechen und auszuprobieren.\u00a0<strong> Viele Salonstylisten reisen, um Kunden in Hotels, zu Hause oder an anderen Orten zu betreuen<\/strong> Es gibt aber auch mobile Friseure auf Mallorca, die einen professionellen Service an Ihrem Wunschort anbieten.<\/p>\n\n<figure class=\"wp-block-image\"><a href=\"https:\/\/www.abc-mallorca.com\/mallorca-wedding\/\"><img decoding=\"async\" src=\"https:\/\/abcmallorcastorage.blob.core.windows.net\/images\/2017\/01\/wedding-mallorca-01-1.jpg\" alt=\"Hochzeit auf Mallorca\" \/><\/a><\/figure>\n\n<h3 class=\"wp-block-heading\">Hochzeit auf Mallorca<\/h3>\n\n<p>Heiraten auf Mallorca \u2013 vom Hochzeitsplaner bis zur Organisation Ihrer eigenen Hochzeit \u2013 hier ist Ihr umfassender Leitfaden zur Feier Ihrer Traumhochzeit auf Mallorca.<\/p>\n<hr class=\"wp-block-separator has-alpha-channel-opacity\" \/>\n<h2 class=\"wp-block-heading\">\u00a0<\/h2>\n<h2>Maskenbildner<\/h2>\n\n<figure class=\"wp-block-image is-resized\"><img loading=\"lazy\" decoding=\"async\" src=\"https:\/\/abcmallorcastorage.blob.core.windows.net\/images\/2015\/05\/beauty-treatments-img17.jpg\" alt=\"null\" width=\"839\" height=\"418\" \/><\/figure>\n\n<p>F\u00fcr die Gelegenheiten, bei denen alle Augen \u2013 und Kameras \u2013 auf uns gerichtet sind, lohnt es sich, die <strong>Dienstleistungen eines professionellen Make-up-Artisten, der Ihnen hilft, der Welt Ihr bestes Gesicht zu pr\u00e4sentieren<\/strong>. Auch wenn es nicht f\u00fcr eine Hochzeit oder einen anderen besonderen Anlass ist, kann Ihnen professionelles Make-up neue Techniken, Produkte und Farben n\u00e4herbringen, die Sie vorher vielleicht nicht in Betracht gezogen haben \u2013 und Ihnen die Augen f\u00fcr ein neues Ich \u00f6ffnen. Es ist sehr leicht, in einer Make-up-Routine steckenzubleiben! <strong>Auf Mallorca finden Sie einige ausgezeichnete und sehr erfahrene spanische und internationale Make-up-Artists<\/strong>, mit dem Talent, die nat\u00fcrliche Sch\u00f6nheit zu betonen und Unvollkommenheiten zu kaschieren. Einige dieser K\u00fcnstler sind auch ausgebildete Friseure. <strong>Jennifer Jane<\/strong> (der 2014 einen britischen \u201eWedding Industry Expert Award\u201c gewann), <strong>Monica Ramos<\/strong>, Und <strong>Monika H\u00fcbert<\/strong> haben alle ihre Expertise f\u00fcr vergangene abcMallorca-Modeshootings zur Verf\u00fcgung gestellt. Einige Hotels \u2013 darunter <strong>Belmond La Residencia in Dei\u00e0<\/strong> \u2013 bieten Hochzeitspakete an, bestehend aus Make-up, Haarstyling und Manik\u00fcre.<\/p>\n<hr class=\"wp-block-separator has-alpha-channel-opacity\" \/>\n<h2 class=\"wp-block-heading\">\u00a0<\/h2>\n<h2>Dauerhaftes Make-up<\/h2>\n\n<figure class=\"wp-block-image is-resized\"><img loading=\"lazy\" decoding=\"async\" src=\"https:\/\/abcmallorcastorage.blob.core.windows.net\/images\/2015\/05\/beauty-treatments-img13.jpg\" alt=\"null\" width=\"838\" height=\"409\" \/><\/figure>\n\n<p>Wenn der normale Alterungsprozess oder eine medikament\u00f6se Behandlung (zum Beispiel eine Chemotherapie) zu einem Verlust der Konturen der Gesichtsz\u00fcge gef\u00fchrt haben, ist Permanent Make-up eine m\u00f6gliche L\u00f6sung. Es ist auch die Antwort f\u00fcr alle, die immer m\u00fchelos geschminkt aussehen m\u00f6chten. <strong>Permanent Make-up verwendet T\u00e4towierungen, um die gew\u00fcnschten Effekte zu erzielen<\/strong>, wie vollere Lippen, definierte Augenlinien oder wohlgeformte Augenbrauen. Da die Behandlung dauerhaft (obwohl sie mit der Zeit verblassen kann) und invasiv ist, <strong>Es ist wichtig, einen voll qualifizierten Spezialisten zu w\u00e4hlen<\/strong> in diesem Bereich und geben Sie anschlie\u00dfend die gew\u00fcnschten Ergebnisse genau an. <strong>Permanent Make-up erfreut sich als Sch\u00f6nheitsbehandlung zunehmender Beliebtheit<\/strong>, aber wir alle kennen schlechte Beispiele \u2013 oft \u201eerstellt\u201c von Personen mit unzureichender Erfahrung oder Kenntnissen. <strong>Grupo Marin<\/strong> in Palma de Mallorca arbeitet mit der neuesten Mikropigmentierungstechnologie des deutschen Unternehmens Riso, das die neuesten und besten allergiegetesteten Farben verwendet, die frei von Schadstoffen sind. Die Ri-soft Liner Ultima-Einheit ist die neueste patentierte Technologie, ausgestattet mit einem Mikrosensor, um die Farbe genau zu steuern und aufzutragen, die f\u00fcr die Haut des Tr\u00e4gers erforderlich ist. Sie ist auf Mallorca exklusiv bei Grupo Marin erh\u00e4ltlich.<\/p>\n<hr class=\"wp-block-separator has-alpha-channel-opacity\" \/>\n<h2 class=\"wp-block-heading\">\u00a0<\/h2>\n<h2>Wachsen und Laserepilation<\/h2>\n\n<figure class=\"wp-block-image is-resized\"><img loading=\"lazy\" decoding=\"async\" src=\"https:\/\/abcmallorcastorage.blob.core.windows.net\/images\/2015\/05\/beauty-treatments-img14.jpg\" alt=\"null\" width=\"841\" height=\"406\" \/><\/figure>\n\n<p>Unerw\u00fcnschte K\u00f6rper- und Gesichtsbehaarung kann schnell und nahezu schmerzlos entfernt werden und <strong>viele Salons und Sch\u00f6nheitskliniken auf Mallorca bieten Behandlungen f\u00fcr Frauen und M\u00e4nner an<\/strong>. Verzichten Sie auf das Rasieren f\u00fcr l\u00e4nger anhaltende Gl\u00e4tte. Das ber\u00fchmte schmerzfreie Lycon Precision Waxing aus Australien ist die Haarentfernungsmethode der Wahl vieler Promis. Das Nachwachsen erfolgt langsamer als bei herk\u00f6mmlichem Waxing und die Behandlung ist sogar bei sehr kurzen Haaren wirksam. <strong>Die Epilation ist eine der beliebtesten \u00e4sthetischen Laserbehandlungen<\/strong>. F\u00fcr optimale Ergebnisse sind mehrere Behandlungen erforderlich. Eine vollst\u00e4ndige und dauerhafte Haarentfernung kann zwar nicht garantiert werden, aber die Ergebnisse sind beeindruckend. Dabei werden kurze Lichtimpulse mit bestimmten Wellenl\u00e4ngen verwendet, um die Haarscheide bis zur Wurzel zu durchdringen. Alexandrit-, Dioden- und IPL-Verfahren (Intense Pulsed Light) werden zur Epilation verwendet. Obwohl IPL kein Laser ist, ist es wirksam. Es ist wichtig, f\u00fcr diese Behandlungen einen professionellen Salon oder eine Klinik zu w\u00e4hlen, da sie f\u00fcr manche Haut- und Haartypen nicht geeignet sind.<\/p>\n<hr class=\"wp-block-separator has-alpha-channel-opacity\" \/>\n<h2 class=\"wp-block-heading\">\u00a0<\/h2>\n<h2>Cellulite<\/h2>\n\n<figure class=\"wp-block-image is-resized\"><img loading=\"lazy\" decoding=\"async\" src=\"https:\/\/abcmallorcastorage.blob.core.windows.net\/images\/2015\/05\/beauty-treatments-img15.jpg\" alt=\"null\" width=\"839\" height=\"414\" \/><\/figure>\n\n<p>Es handelt sich um ein Leiden, das noch immer nicht allgemein verstanden, aber allgemein anerkannt ist: Haut, die dellenartig und klumpig aussieht und oft als Orangenhaut oder H\u00fcttenk\u00e4sehaut bezeichnet wird. Aufgrund ihres Haut- und Bindegewebetyps und hormoneller Einfl\u00fcsse tritt sie h\u00e4ufiger bei Frauen auf und kommt am h\u00e4ufigsten an den Oberschenkeln und am Po vor.<strong> Um Cellulite vorzubeugen, empfehlen Experten eine gesunde Ern\u00e4hrung mit viel Obst, Gem\u00fcse und Ballaststoffen.<\/strong>. Regelm\u00e4\u00dfige Bewegung, ein gesundes K\u00f6rpergewicht und Stressvermeidung sollen ebenfalls hilfreich sein. Auch das Vermeiden von engen Gummib\u00e4ndern in der Unterw\u00e4sche kann hilfreich sein. Wenn die Cellulite bereits eingesetzt hat und Sie sich kaum noch an den Strand trauen, <strong>Auf Mallorca gibt es verschiedene nicht-chirurgische Behandlungen, die helfen k\u00f6nnen, das Erscheinungsbild der Erkrankung zu verbessern.<\/strong>. <strong>mySkin in Bendinat<\/strong> bietet Mesotherapie und Microneedling an: zwei verschiedene Behandlungen gegen Cellulite. <strong>Guinot Technispa-Behandlung des Belmond La Residencia Spa<\/strong> verwendet eine exklusive K\u00f6rpermaschine, um den K\u00f6rper durch Lipodermal-Sculpting zu straffen und zu formen. Bei <strong>Dr. Moranos Palma-Klinik<\/strong>Die Accent-Radiofrequenztherapie gilt als sicher, wirksam und mit lang anhaltenden Ergebnissen. In Inca,<strong> Medisan<\/strong> bietet auch Cellulite-Behandlungen an.<\/p>\n\n<figure class=\"wp-block-image\"><a href=\"https:\/\/www.abc-mallorca.com\/doctor-morano-clinic\/\"><img decoding=\"async\" src=\"https:\/\/abcmallorcastorage.blob.core.windows.net\/images\/2014\/08\/morano-04.jpg\" alt=\"Erreichen Sie die beste Version Ihrer selbst bei Doctor Morano\" \/><\/a><\/figure>\n\n<h3 class=\"wp-block-heading\">Erreichen Sie die beste Version Ihrer selbst bei Doctor Morano<\/h3>\n\n<p>Die Pflege unserer Haut und unseres K\u00f6rpers ist eine unserer h\u00f6chsten Priorit\u00e4ten. In dieser modernen Klinik in Palma finden Sie die bestm\u00f6gliche Betreuung!<\/p>\n<hr class=\"wp-block-separator has-alpha-channel-opacity\" \/>\n<h2 class=\"wp-block-heading\">\u00a0<\/h2>\n<h2>Nicht-chirurgische \u00e4sthetische Verfahren<\/h2>\n\n<figure class=\"wp-block-image is-resized\"><img loading=\"lazy\" decoding=\"async\" src=\"https:\/\/abcmallorcastorage.blob.core.windows.net\/images\/2017\/02\/non-surgical-remedies-img1.jpg\" alt=\"\" width=\"840\" height=\"462\" \/><\/figure>\n\n<p>Zeichen der Hautalterung wie F\u00e4ltchen, Falten und Elastizit\u00e4tsverlust k\u00f6nnen mit allgemein anerkannten injizierbaren Mitteln wie <strong>Botox<\/strong>, <strong>Hautf\u00fcller<\/strong> und vitaminreiche Gesichtspflege <strong>Mesotherapie<\/strong>. Es versteht sich von selbst, dass es \u00e4u\u00dferst wichtig ist, sich gut zu informieren und nur einem hochqualifizierten, erfahrenen Arzt zu vertrauen, wenn Sie einen Eingriff dieser Art in Erw\u00e4gung ziehen. Dr. Estrella Fern\u00e1ndez ist eine angesehene Sch\u00f6nheitschirurgin, die in ihrer Klinik in Palma eine Reihe nicht-chirurgischer Behandlungen anbietet.<\/p>\n\n<figure class=\"wp-block-image\"><a href=\"https:\/\/www.abc-mallorca.com\/doctor-estrella-fernandez-eye-clinic\/\"><img decoding=\"async\" src=\"https:\/\/abcmallorcastorage.blob.core.windows.net\/images\/2016\/11\/dra-estrella-fernandez-20.jpg\" alt=\"Estrella Fern\u00e1ndez\" \/><\/a><\/figure>\n\n<h3 class=\"wp-block-heading\">Estrella Fern\u00e1ndez<\/h3>\n\n<p>Gegr\u00fcndet wurde das Unternehmen von Dr. Estrella Fernandez, einer renommierten \u00c4rztin auf dem Gebiet der Augenheilkunde, die auf Oculoplastie, \u00c4sthetik und Gesichtsverj\u00fcngung spezialisiert ist.<\/p>\n\n<p>Dar\u00fcber hinaus ist das hoch angesehene\u00a0<strong>Klinik Juaneda<\/strong> verf\u00fcgt \u00fcber ein spezialisiertes Team von medizinischen Fachkr\u00e4ften, die fortschrittliche Anti-Aging-Behandlungen wie Botox, F\u00fcllstoffe und Mesotherapie beraten und durchf\u00fchren. Beide Kliniken bieten auch <strong>Laser<\/strong> Und <strong>Peeling<\/strong> Verfahren, die bei m\u00e4nnlichen und weiblichen Kunden, die \u00fcber die Auswirkungen langfristiger Sonneneinstrahlung besorgt sind, immer beliebter werden.<\/p>\n<hr class=\"wp-block-separator has-alpha-channel-opacity\" \/>\n<h2 class=\"wp-block-heading\">\u00a0<\/h2>\n<h2>Kosmetik aus Mallorca<\/h2>\n\n<figure class=\"wp-block-image is-resized\"><img loading=\"lazy\" decoding=\"async\" src=\"https:\/\/abcmallorcastorage.blob.core.windows.net\/images\/2015\/05\/beauty-treatments-img16.jpg\" alt=\"null\" width=\"840\" height=\"413\" \/><\/figure>\n\n<p>Wenn Sie darauf achten, was Sie auf Ihre Haut auftragen, und sich \u00fcber die chemischen Inhaltsstoffe vieler Kosmetik- und Sch\u00f6nheitsprodukte Sorgen machen, sollten Sie Ihren n\u00e4chsten Kosmetikkauf nicht l\u00e4nger als auf Mallorca t\u00e4tigen. Auf der Insel sind mehrere Hersteller von Kinderprodukten ans\u00e4ssig, aber <strong>wirksame Kosmetik- und Sch\u00f6nheitsprodukte, hergestellt aus nat\u00fcrlichen Zutaten angebaut auf Mallorca<\/strong>. Hier sind einige Favoriten: <strong>Gaia Naturkosmetik<\/strong>, gegr\u00fcndet von Trudi Murray, bietet handwerkliche Produkte f\u00fcr die ganze Familie an, die aus reinen und einfachen nat\u00fcrlichen und biologischen Zutaten hergestellt werden, die auf ihrem Land geerntet werden. Sie sind frei von Chemikalien und werden in umweltfreundlichen Verpackungen geliefert. <strong>Bellesa de Claret<\/strong> (Castell Son Claret) verwendet Gaia-Produkte. <strong>\u00d6kologische Kosmetik<\/strong> wurde 1993 von Linda Nicolau gegr\u00fcndet und bietet wirksame und nachhaltig hergestellte (und verpackte) Produkte aus nat\u00fcrlichen, hochwertigen Inhaltsstoffen. <strong>Frei von Parabenen und k\u00fcnstlichen Farbstoffen<\/strong>Die Produkte werden in Hotel-Spas in ganz Spanien verwendet, darunter auch im U Spa von Barcel\u00f3. <strong>Think Cosmetic in Pollen\u00e7a<\/strong> stellt eine Produktreihe mit nat\u00fcrlichen Extrakten und Inhaltsstoffen aus Mallorca her, die Haut und Haar pflegen. Zahlreiche Hotels \u2013 darunter <strong>Son Brull<\/strong> \u2013 Verwenden Sie auf Mallorca Think Cosmetic f\u00fcr die Toilettenartikel Ihrer G\u00e4ste.<\/p>\n\t\t\t\t\t\t\t\t<\/div>\n\t\t\t\t<\/div>\n\t\t\t\t\t<\/div>\n\t\t<\/div>\n\t\t\t\t\t<\/div>\n\t\t<\/section>\n\t\t\t\t<\/div>","protected":false},"excerpt":{"rendered":"<p>Nail Salon, Eyeleash and Extensions We all feel better when we look our best and, on Mallorca, you\u2019ll find many professional services to help you enhance your natural beauty, and [&hellip;]<\/p>\n","protected":false},"author":1,"featured_media":0,"parent":4651,"menu_order":0,"comment_status":"closed","ping_status":"closed","template":"","meta":{"source_url":"","source_name":"","published_at":"","ai_reason":"","_monsterinsights_skip_tracking":false,"_monsterinsights_sitenote_active":false,"_monsterinsights_sitenote_note":"","_monsterinsights_sitenote_category":0,"_price":"","_stock":"","_tribe_ticket_header":"","_tribe_default_ticket_provider":"","_tribe_ticket_capacity":"0","_ticket_start_date":"","_ticket_end_date":"","_tribe_ticket_show_description":"","_tribe_ticket_show_not_going":false,"_tribe_ticket_use_global_stock":"","_tribe_ticket_global_stock_level":"","_global_stock_mode":"","_global_stock_cap":"","_tribe_rsvp_for_event":"","_tribe_ticket_going_count":"","_tribe_ticket_not_going_count":"","_tribe_tickets_list":"[]","_tribe_ticket_has_attendee_info_fields":false,"footnotes":"","_tec_slr_enabled":"","_tec_slr_layout":""},"class_list":["post-4684","page","type-page","status-publish","has-post-thumbnail","hentry"],"aioseo_notices":[],"ticketed":false,"_links":{"self":[{"href":"https:\/\/www.calviabeach.com\/de\/wp-json\/wp\/v2\/pages\/4684","targetHints":{"allow":["GET"]}}],"collection":[{"href":"https:\/\/www.calviabeach.com\/de\/wp-json\/wp\/v2\/pages"}],"about":[{"href":"https:\/\/www.calviabeach.com\/de\/wp-json\/wp\/v2\/types\/page"}],"author":[{"embeddable":true,"href":"https:\/\/www.calviabeach.com\/de\/wp-json\/wp\/v2\/users\/1"}],"replies":[{"embeddable":true,"href":"https:\/\/www.calviabeach.com\/de\/wp-json\/wp\/v2\/comments?post=4684"}],"version-history":[{"count":0,"href":"https:\/\/www.calviabeach.com\/de\/wp-json\/wp\/v2\/pages\/4684\/revisions"}],"up":[{"embeddable":true,"href":"https:\/\/www.calviabeach.com\/de\/wp-json\/wp\/v2\/pages\/4651"}],"wp:attachment":[{"href":"https:\/\/www.calviabeach.com\/de\/wp-json\/wp\/v2\/media?parent=4684"}],"curies":[{"name":"wp","href":"https:\/\/api.w.org\/{rel}","templated":true}]}}